{"id":203,"date":"2018-10-16T22:31:56","date_gmt":"2018-10-16T20:31:56","guid":{"rendered":"http:\/\/www.brachwitz.eu\/?page_id=203"},"modified":"2018-10-16T22:43:31","modified_gmt":"2018-10-16T20:43:31","slug":"presse","status":"publish","type":"page","link":"https:\/\/www.brachwitz.eu\/index.php\/presse\/","title":{"rendered":"Presse"},"content":{"rendered":"<div style=\"clear:both;\"><\/div><div id=\"carousel-wplp\" class=\"carousel-wplp carousel-columns-1 wplp-display\" data-slick='{\"slidesToShow\": 1, \"slidesToScroll\": 1, \"infinite\": true, \"autoplay\": true }' ><div id=\"carousel-item-0\" class=\"carousel-item slick-slide wplp-item\">\n\t\t\t\t<div class=\"carousel-icon landscape\">\n\t\t\t\t<a class=\"wplp_link\" href=\"https:\/\/www.mz-web.de\/saalekreis\/zurueck-aus-der-werft-brachwitz-hat-seine-faehre-wieder-33072740\" target=\"_blank\">\n\t\t\t\t<img loading=\"lazy\" decoding=\"async\" width=\"525\" height=\"262\" src=\"https:\/\/www.brachwitz.eu\/wp-content\/uploads\/2019\/10\/brachwitz-58.jpg\" class=\"attachment-large size-large\" alt=\"\" style=\"box-shadow: 0 5px 10px 0 rgba(0,0,0,0.2),0 5px 15px 0 rgba(0,0,0,0.19);\" srcset=\"https:\/\/www.brachwitz.eu\/wp-content\/uploads\/2019\/10\/brachwitz-58.jpg 940w, https:\/\/www.brachwitz.eu\/wp-content\/uploads\/2019\/10\/brachwitz-58-300x150.jpg 300w, https:\/\/www.brachwitz.eu\/wp-content\/uploads\/2019\/10\/brachwitz-58-768x383.jpg 768w\" sizes=\"auto, 100vw\" \/>\n\t\t\t\t<p class=\"wplp_display\" style=\"font-style: italic; text-align: center\" >Zur\u00fcck aus der Werft Brachwitz hat seine F\u00e4hre wieder<\/p>\n\t\t\t\t<p class=\"wplp_desc\" style=\"\"><\/p>\n\t\t\t\t<\/a>\n\t\t\t\t<\/div>\n\t\t\t\t<\/div><div id=\"carousel-item-1\" class=\"carousel-item slick-slide wplp-item\">\n\t\t\t\t<div class=\"carousel-icon landscape\">\n\t\t\t\t<a class=\"wplp_link\" href=\"https:\/\/www.mz-web.de\/saalekreis\/zufahrt-zur-faehre-brachwitz-buckelpiste-vor-dem-aus-31760776\" target=\"_blank\">\n\t\t\t\t<img loading=\"lazy\" decoding=\"async\" width=\"525\" height=\"263\" src=\"https:\/\/www.brachwitz.eu\/wp-content\/uploads\/2018\/12\/b-faehre-brachwitz-040318.jpg\" class=\"attachment-large size-large\" alt=\"\" style=\"box-shadow: 0 5px 10px 0 rgba(0,0,0,0.2),0 5px 15px 0 rgba(0,0,0,0.19);\" srcset=\"https:\/\/www.brachwitz.eu\/wp-content\/uploads\/2018\/12\/b-faehre-brachwitz-040318.jpg 939w, https:\/\/www.brachwitz.eu\/wp-content\/uploads\/2018\/12\/b-faehre-brachwitz-040318-300x150.jpg 300w, https:\/\/www.brachwitz.eu\/wp-content\/uploads\/2018\/12\/b-faehre-brachwitz-040318-768x384.jpg 768w\" sizes=\"auto, 100vw\" \/>\n\t\t\t\t<p class=\"wplp_display\" style=\"font-style: italic; text-align: center\" >Zufahrt zur F\u00e4hre Brachwitz - Buckelpiste vor dem Aus<\/p>\n\t\t\t\t<p class=\"wplp_desc\" style=\"\"><\/p>\n\t\t\t\t<\/a>\n\t\t\t\t<\/div>\n\t\t\t\t<\/div><div id=\"carousel-item-2\" class=\"carousel-item slick-slide wplp-item\">\n\t\t\t\t<div class=\"carousel-icon landscape\">\n\t\t\t\t<a class=\"wplp_link\" href=\"https:\/\/www.mz-web.de\/saalekreis\/unfall-in-brachwitz-auto-rollt-von-faehre-und-versinkt-in-der-saale-30535866\" target=\"_blank\">\n\t\t\t\t<img loading=\"lazy\" decoding=\"async\" width=\"525\" height=\"263\" src=\"https:\/\/www.brachwitz.eu\/wp-content\/uploads\/2018\/10\/b-bergung-290518.jpg\" class=\"attachment-large size-large\" alt=\"\" style=\"box-shadow: 0 5px 10px 0 rgba(0,0,0,0.2),0 5px 15px 0 rgba(0,0,0,0.19);\" srcset=\"https:\/\/www.brachwitz.eu\/wp-content\/uploads\/2018\/10\/b-bergung-290518.jpg 940w, https:\/\/www.brachwitz.eu\/wp-content\/uploads\/2018\/10\/b-bergung-290518-300x150.jpg 300w, https:\/\/www.brachwitz.eu\/wp-content\/uploads\/2018\/10\/b-bergung-290518-768x384.jpg 768w\" sizes=\"auto, 100vw\" \/>\n\t\t\t\t<p class=\"wplp_display\" style=\"font-style: italic; text-align: center\" >Unfall in Brachwitz Auto rollt von F\u00e4hre und versinkt in der Saale<\/p>\n\t\t\t\t<p class=\"wplp_desc\" style=\"\"><\/p>\n\t\t\t\t<\/a>\n\t\t\t\t<\/div>\n\t\t\t\t<\/div><div id=\"carousel-item-3\" class=\"carousel-item slick-slide wplp-item\">\n\t\t\t\t<div class=\"carousel-icon landscape\">\n\t\t\t\t<a class=\"wplp_link\" href=\"https:\/\/www.bauernzeitung.de\/praxispartner\/landgut-krosigk\/schafe-in-den-brachwitzer-alpen\/\" target=\"_blank\">\n\t\t\t\t<img loading=\"lazy\" decoding=\"async\" width=\"525\" height=\"348\" src=\"https:\/\/www.brachwitz.eu\/wp-content\/uploads\/2018\/10\/44D375DC-EBCF-403F-B65E-766C0376C46B.jpeg\" class=\"attachment-large size-large\" alt=\"\" style=\"box-shadow: 0 5px 10px 0 rgba(0,0,0,0.2),0 5px 15px 0 rgba(0,0,0,0.19);\" srcset=\"https:\/\/www.brachwitz.eu\/wp-content\/uploads\/2018\/10\/44D375DC-EBCF-403F-B65E-766C0376C46B.jpeg 640w, https:\/\/www.brachwitz.eu\/wp-content\/uploads\/2018\/10\/44D375DC-EBCF-403F-B65E-766C0376C46B-300x199.jpeg 300w\" sizes=\"auto, 100vw\" \/>\n\t\t\t\t<p class=\"wplp_display\" style=\"font-style: italic; text-align: center\" >SCHAFE IN DEN BRACHWITZER ALPEN<\/p>\n\t\t\t\t<p class=\"wplp_desc\" style=\"\"><\/p>\n\t\t\t\t<\/a>\n\t\t\t\t<\/div>\n\t\t\t\t<\/div><div id=\"carousel-item-4\" class=\"carousel-item slick-slide wplp-item\">\n\t\t\t\t<div class=\"carousel-icon landscape\">\n\t\t\t\t<a class=\"wplp_link\" href=\"https:\/\/mobil.mz-web.de\/halle-saale\/saaleueberquerung-in-brachwitz-und-rothenburg-ein-faehrmann-ohne-fuehrerschein-24328298?originalReferrer=https:\/\/www.google.de\/\" target=\"_blank\">\n\t\t\t\t<img loading=\"lazy\" decoding=\"async\" width=\"525\" height=\"263\" src=\"https:\/\/www.brachwitz.eu\/wp-content\/uploads\/2018\/10\/ECAFAE73-BC96-4986-82E2-C63FD7C1D0B4.jpeg\" class=\"attachment-large size-large\" alt=\"\" style=\"box-shadow: 0 5px 10px 0 rgba(0,0,0,0.2),0 5px 15px 0 rgba(0,0,0,0.19);\" srcset=\"https:\/\/www.brachwitz.eu\/wp-content\/uploads\/2018\/10\/ECAFAE73-BC96-4986-82E2-C63FD7C1D0B4.jpeg 926w, https:\/\/www.brachwitz.eu\/wp-content\/uploads\/2018\/10\/ECAFAE73-BC96-4986-82E2-C63FD7C1D0B4-300x150.jpeg 300w, https:\/\/www.brachwitz.eu\/wp-content\/uploads\/2018\/10\/ECAFAE73-BC96-4986-82E2-C63FD7C1D0B4-768x385.jpeg 768w\" sizes=\"auto, 100vw\" \/>\n\t\t\t\t<p class=\"wplp_display\" style=\"font-style: italic; text-align: center\" >Saale\u00fcberquerung in Brachwitz und Rothenburg Ein F\u00e4hrmann ohne F\u00fchrerschein<\/p>\n\t\t\t\t<p class=\"wplp_desc\" style=\"\"><\/p>\n\t\t\t\t<\/a>\n\t\t\t\t<\/div>\n\t\t\t\t<\/div><div id=\"carousel-item-5\" class=\"carousel-item slick-slide wplp-item\">\n\t\t\t\t<div class=\"carousel-icon landscape\">\n\t\t\t\t<a class=\"wplp_link\" href=\"https:\/\/www.mz-web.de\/saalekreis\/saalekiez-in-brachwitz-ein-gesamtkunstwerk-am-ufer-der-saale-feiert-32985622\" target=\"_blank\">\n\t\t\t\t<img loading=\"lazy\" decoding=\"async\" width=\"525\" height=\"263\" src=\"https:\/\/www.brachwitz.eu\/wp-content\/uploads\/2019\/10\/b-christian-hager-090819.jpg\" class=\"attachment-large size-large\" alt=\"\" style=\"box-shadow: 0 5px 10px 0 rgba(0,0,0,0.2),0 5px 15px 0 rgba(0,0,0,0.19);\" srcset=\"https:\/\/www.brachwitz.eu\/wp-content\/uploads\/2019\/10\/b-christian-hager-090819.jpg 938w, https:\/\/www.brachwitz.eu\/wp-content\/uploads\/2019\/10\/b-christian-hager-090819-300x150.jpg 300w, https:\/\/www.brachwitz.eu\/wp-content\/uploads\/2019\/10\/b-christian-hager-090819-768x385.jpg 768w\" sizes=\"auto, 100vw\" \/>\n\t\t\t\t<p class=\"wplp_display\" style=\"font-style: italic; text-align: center\" >Saalekiez in Brachwitz Ein Gesamtkunstwerk am Ufer der Saale feiert<\/p>\n\t\t\t\t<p class=\"wplp_desc\" style=\"\"><\/p>\n\t\t\t\t<\/a>\n\t\t\t\t<\/div>\n\t\t\t\t<\/div><div id=\"carousel-item-6\" class=\"carousel-item slick-slide wplp-item\">\n\t\t\t\t<div class=\"carousel-icon landscape\">\n\t\t\t\t<a class=\"wplp_link\" href=\"https:\/\/www.mz-web.de\/saalekreis\/pension-ueberm-kuhstall-dieses-paar-bringt-italienisches-flair-nach-brachwitz-31381084\" target=\"_blank\">\n\t\t\t\t<img loading=\"lazy\" decoding=\"async\" width=\"525\" height=\"263\" src=\"https:\/\/www.brachwitz.eu\/wp-content\/uploads\/2018\/10\/71-138439154-null-02-10-2018-09-28-27-991-.jpg\" class=\"attachment-large size-large\" alt=\"\" style=\"box-shadow: 0 5px 10px 0 rgba(0,0,0,0.2),0 5px 15px 0 rgba(0,0,0,0.19);\" srcset=\"https:\/\/www.brachwitz.eu\/wp-content\/uploads\/2018\/10\/71-138439154-null-02-10-2018-09-28-27-991-.jpg 940w, https:\/\/www.brachwitz.eu\/wp-content\/uploads\/2018\/10\/71-138439154-null-02-10-2018-09-28-27-991--300x150.jpg 300w, https:\/\/www.brachwitz.eu\/wp-content\/uploads\/2018\/10\/71-138439154-null-02-10-2018-09-28-27-991--768x384.jpg 768w\" sizes=\"auto, 100vw\" \/>\n\t\t\t\t<p class=\"wplp_display\" style=\"font-style: italic; text-align: center\" >Pension \u00fcberm Kuhstall Dieses Paar bringt italienisches Flair nach Brachwitz<\/p>\n\t\t\t\t<p class=\"wplp_desc\" style=\"\"><\/p>\n\t\t\t\t<\/a>\n\t\t\t\t<\/div>\n\t\t\t\t<\/div><div id=\"carousel-item-7\" class=\"carousel-item slick-slide wplp-item\">\n\t\t\t\t<div class=\"carousel-icon landscape\">\n\t\t\t\t<a class=\"wplp_link\" href=\"https:\/\/www.mz-web.de\/halle-saale\/ortsbuergermeister-der-ortschaft-brachwitz-jan-richter-ueber-die-schaeden-durch-das-unwetter-22457998\" target=\"_blank\">\n\t\t\t\t<img loading=\"lazy\" decoding=\"async\" width=\"525\" height=\"263\" src=\"https:\/\/www.brachwitz.eu\/wp-content\/uploads\/2018\/10\/platz-der-jugend-spielplatz3-jpg.jpg\" class=\"attachment-large size-large\" alt=\"\" style=\"box-shadow: 0 5px 10px 0 rgba(0,0,0,0.2),0 5px 15px 0 rgba(0,0,0,0.19);\" srcset=\"https:\/\/www.brachwitz.eu\/wp-content\/uploads\/2018\/10\/platz-der-jugend-spielplatz3-jpg.jpg 940w, https:\/\/www.brachwitz.eu\/wp-content\/uploads\/2018\/10\/platz-der-jugend-spielplatz3-jpg-300x150.jpg 300w, https:\/\/www.brachwitz.eu\/wp-content\/uploads\/2018\/10\/platz-der-jugend-spielplatz3-jpg-768x384.jpg 768w\" sizes=\"auto, 100vw\" \/>\n\t\t\t\t<p class=\"wplp_display\" style=\"font-style: italic; text-align: center\" >Ortsb\u00fcrgermeister der Ortschaft Brachwitz Jan Richter \u00fcber die Sch\u00e4den durch das Unwetter<\/p>\n\t\t\t\t<p class=\"wplp_desc\" style=\"\"><\/p>\n\t\t\t\t<\/a>\n\t\t\t\t<\/div>\n\t\t\t\t<\/div><div id=\"carousel-item-8\" class=\"carousel-item slick-slide wplp-item\">\n\t\t\t\t<div class=\"carousel-icon landscape\">\n\t\t\t\t<a class=\"wplp_link\" href=\"https:\/\/www.mz-web.de\/koethen\/unter-atemschutz-feuerwehrmann-bewaeltigt-die-216-treppen-in-der-jakobskirche-31565998\" target=\"_blank\">\n\t\t\t\t<img loading=\"lazy\" decoding=\"async\" width=\"525\" height=\"263\" src=\"https:\/\/www.brachwitz.eu\/wp-content\/uploads\/2018\/12\/04F5A3AC-9974-4FB1-A0F5-B0BFAAF802D5.jpeg\" class=\"attachment-large size-large\" alt=\"\" style=\"box-shadow: 0 5px 10px 0 rgba(0,0,0,0.2),0 5px 15px 0 rgba(0,0,0,0.19);\" srcset=\"https:\/\/www.brachwitz.eu\/wp-content\/uploads\/2018\/12\/04F5A3AC-9974-4FB1-A0F5-B0BFAAF802D5.jpeg 600w, https:\/\/www.brachwitz.eu\/wp-content\/uploads\/2018\/12\/04F5A3AC-9974-4FB1-A0F5-B0BFAAF802D5-300x150.jpeg 300w\" sizes=\"auto, 100vw\" \/>\n\t\t\t\t<p class=\"wplp_display\" style=\"font-style: italic; text-align: center\" >Henning Zinner aus Brachwitz<\/p>\n\t\t\t\t<p class=\"wplp_desc\" style=\"\"><\/p>\n\t\t\t\t<\/a>\n\t\t\t\t<\/div>\n\t\t\t\t<\/div><div id=\"carousel-item-9\" class=\"carousel-item slick-slide wplp-item\">\n\t\t\t\t<div class=\"carousel-icon landscape\">\n\t\t\t\t<a class=\"wplp_link\" href=\"https:\/\/mobil.mz-web.de\/saalekreis\/der-macher-vom&#8211;saalekiez&#8211;was-den-thueringer-seit-sechs-jahren-antreibt-31102624?originalReferrer=\" target=\"_blank\">\n\t\t\t\t<img loading=\"lazy\" decoding=\"async\" width=\"525\" height=\"263\" src=\"https:\/\/www.brachwitz.eu\/wp-content\/uploads\/2018\/10\/87B4BBD2-D647-4652-8421-E663C8C58DD0.jpeg\" class=\"attachment-large size-large\" alt=\"\" style=\"box-shadow: 0 5px 10px 0 rgba(0,0,0,0.2),0 5px 15px 0 rgba(0,0,0,0.19);\" srcset=\"https:\/\/www.brachwitz.eu\/wp-content\/uploads\/2018\/10\/87B4BBD2-D647-4652-8421-E663C8C58DD0.jpeg 600w, https:\/\/www.brachwitz.eu\/wp-content\/uploads\/2018\/10\/87B4BBD2-D647-4652-8421-E663C8C58DD0-300x150.jpeg 300w\" sizes=\"auto, 100vw\" \/>\n\t\t\t\t<p class=\"wplp_display\" style=\"font-style: italic; text-align: center\" >Der Macher vom \u201eSaalekiez\u201c Was den Th\u00fcringer seit sechs Jahren antreibt<\/p>\n\t\t\t\t<p class=\"wplp_desc\" style=\"\"><\/p>\n\t\t\t\t<\/a>\n\t\t\t\t<\/div>\n\t\t\t\t<\/div><div id=\"carousel-item-10\" class=\"carousel-item slick-slide wplp-item\">\n\t\t\t\t<div class=\"carousel-icon landscape\">\n\t\t\t\t<a class=\"wplp_link\" href=\"https:\/\/www.mz-web.de\/halle-saale\/brachwitz-so-schoen-ist-das-schoenste-dorf-im-saalekreis-28459782\" target=\"_blank\">\n\t\t\t\t<img loading=\"lazy\" decoding=\"async\" width=\"525\" height=\"263\" src=\"https:\/\/www.brachwitz.eu\/wp-content\/uploads\/2018\/10\/b-brachwitz-210917.jpg\" class=\"attachment-large size-large\" alt=\"\" style=\"box-shadow: 0 5px 10px 0 rgba(0,0,0,0.2),0 5px 15px 0 rgba(0,0,0,0.19);\" srcset=\"https:\/\/www.brachwitz.eu\/wp-content\/uploads\/2018\/10\/b-brachwitz-210917.jpg 940w, https:\/\/www.brachwitz.eu\/wp-content\/uploads\/2018\/10\/b-brachwitz-210917-300x150.jpg 300w, https:\/\/www.brachwitz.eu\/wp-content\/uploads\/2018\/10\/b-brachwitz-210917-768x384.jpg 768w\" sizes=\"auto, 100vw\" \/>\n\t\t\t\t<p class=\"wplp_display\" style=\"font-style: italic; text-align: center\" >Brachwitz So sch\u00f6n ist das sch\u00f6nste Dorf im Saalekreis<\/p>\n\t\t\t\t<p class=\"wplp_desc\" style=\"\"><\/p>\n\t\t\t\t<\/a>\n\t\t\t\t<\/div>\n\t\t\t\t<\/div><div id=\"carousel-item-11\" class=\"carousel-item slick-slide wplp-item\">\n\t\t\t\t<div class=\"carousel-icon landscape\">\n\t\t\t\t<a class=\"wplp_link\" href=\"https:\/\/www.mdr.de\/sachsen-anhalt\/halle\/brachwitz-gewinnt-bundesweiten-wettbewerb-100.html#\" target=\"_blank\">\n\t\t\t\t<img loading=\"lazy\" decoding=\"async\" width=\"525\" height=\"295\" src=\"https:\/\/www.brachwitz.eu\/wp-content\/uploads\/2018\/10\/E5A63E6B-0EBE-4DCB-AD35-BA4D80DB5B7F-1024x576.jpeg\" class=\"attachment-large size-large\" alt=\"\" style=\"box-shadow: 0 5px 10px 0 rgba(0,0,0,0.2),0 5px 15px 0 rgba(0,0,0,0.19);\" srcset=\"https:\/\/www.brachwitz.eu\/wp-content\/uploads\/2018\/10\/E5A63E6B-0EBE-4DCB-AD35-BA4D80DB5B7F-1024x576.jpeg 1024w, https:\/\/www.brachwitz.eu\/wp-content\/uploads\/2018\/10\/E5A63E6B-0EBE-4DCB-AD35-BA4D80DB5B7F-300x169.jpeg 300w, https:\/\/www.brachwitz.eu\/wp-content\/uploads\/2018\/10\/E5A63E6B-0EBE-4DCB-AD35-BA4D80DB5B7F-768x432.jpeg 768w, https:\/\/www.brachwitz.eu\/wp-content\/uploads\/2018\/10\/E5A63E6B-0EBE-4DCB-AD35-BA4D80DB5B7F.jpeg 1216w\" sizes=\"auto, 100vw\" \/>\n\t\t\t\t<p class=\"wplp_display\" style=\"font-style: italic; text-align: center\" >Brachwitz gewinnt bei bundesweitem Wettbewerb<\/p>\n\t\t\t\t<p class=\"wplp_desc\" style=\"\"><\/p>\n\t\t\t\t<\/a>\n\t\t\t\t<\/div>\n\t\t\t\t<\/div><div id=\"carousel-item-12\" class=\"carousel-item slick-slide wplp-item\">\n\t\t\t\t<div class=\"carousel-icon landscape\">\n\t\t\t\t<a class=\"wplp_link\" href=\"https:\/\/www.mz.de\/lokal\/halle-saale\/brachwitz-bluht-mit-engagement-auf-3371572\" target=\"_blank\">\n\t\t\t\t<img loading=\"lazy\" decoding=\"async\" width=\"525\" height=\"401\" src=\"https:\/\/www.brachwitz.eu\/wp-content\/uploads\/2022\/06\/8F578761-FFA8-42F4-AD03-0B3B9CF44D0B-1024x782.jpeg\" class=\"attachment-large size-large\" alt=\"\" style=\"box-shadow: 0 5px 10px 0 rgba(0,0,0,0.2),0 5px 15px 0 rgba(0,0,0,0.19);\" srcset=\"https:\/\/www.brachwitz.eu\/wp-content\/uploads\/2022\/06\/8F578761-FFA8-42F4-AD03-0B3B9CF44D0B-1024x782.jpeg 1024w, https:\/\/www.brachwitz.eu\/wp-content\/uploads\/2022\/06\/8F578761-FFA8-42F4-AD03-0B3B9CF44D0B-300x229.jpeg 300w, https:\/\/www.brachwitz.eu\/wp-content\/uploads\/2022\/06\/8F578761-FFA8-42F4-AD03-0B3B9CF44D0B-768x587.jpeg 768w, https:\/\/www.brachwitz.eu\/wp-content\/uploads\/2022\/06\/8F578761-FFA8-42F4-AD03-0B3B9CF44D0B-1536x1173.jpeg 1536w, https:\/\/www.brachwitz.eu\/wp-content\/uploads\/2022\/06\/8F578761-FFA8-42F4-AD03-0B3B9CF44D0B.jpeg 1626w\" sizes=\"auto, 100vw\" \/>\n\t\t\t\t<p class=\"wplp_display\" style=\"font-style: italic; text-align: center\" >Brachwitz bl\u00fcht mit Engagement auf<\/p>\n\t\t\t\t<p class=\"wplp_desc\" style=\"\"><\/p>\n\t\t\t\t<\/a>\n\t\t\t\t<\/div>\n\t\t\t\t<\/div><div id=\"carousel-item-13\" class=\"carousel-item slick-slide wplp-item\">\n\t\t\t\t<div class=\"carousel-icon landscape\">\n\t\t\t\t<a class=\"wplp_link\" href=\"https:\/\/www.mz-web.de\/halle-saale\/ausflugslokal-in-brachwitz-per-schiff-zum-saalekietz-1641436\" target=\"_blank\">\n\t\t\t\t<img loading=\"lazy\" decoding=\"async\" width=\"525\" height=\"263\" src=\"https:\/\/www.brachwitz.eu\/wp-content\/uploads\/2018\/10\/fhal13b1-19135951-71-58257857-jpg.jpg\" class=\"attachment-large size-large\" alt=\"\" style=\"box-shadow: 0 5px 10px 0 rgba(0,0,0,0.2),0 5px 15px 0 rgba(0,0,0,0.19);\" srcset=\"https:\/\/www.brachwitz.eu\/wp-content\/uploads\/2018\/10\/fhal13b1-19135951-71-58257857-jpg.jpg 876w, https:\/\/www.brachwitz.eu\/wp-content\/uploads\/2018\/10\/fhal13b1-19135951-71-58257857-jpg-300x150.jpg 300w, https:\/\/www.brachwitz.eu\/wp-content\/uploads\/2018\/10\/fhal13b1-19135951-71-58257857-jpg-768x384.jpg 768w\" sizes=\"auto, 100vw\" \/>\n\t\t\t\t<p class=\"wplp_display\" style=\"font-style: italic; text-align: center\" >Ausflugslokal in Brachwitz Per Schiff zum Saalekiez<\/p>\n\t\t\t\t<p class=\"wplp_desc\" style=\"\"><\/p>\n\t\t\t\t<\/a>\n\t\t\t\t<\/div>\n\t\t\t\t<\/div><div id=\"carousel-item-14\" class=\"carousel-item slick-slide wplp-item\">\n\t\t\t\t<div class=\"carousel-icon landscape\">\n\t\t\t\t<a class=\"wplp_link\" href=\"https:\/\/www.mz-web.de\/halle-saale\/autobahn-a143-vorbereitungen-fuer-lueckenschluss-starten-mit-archaeologen-31685452\" target=\"_blank\">\n\t\t\t\t<img loading=\"lazy\" decoding=\"async\" width=\"525\" height=\"264\" src=\"https:\/\/www.brachwitz.eu\/wp-content\/uploads\/2018\/12\/1FD1CA27-1A2D-4052-8277-074E1FEA9AB7.jpeg\" class=\"attachment-large size-large\" alt=\"\" style=\"box-shadow: 0 5px 10px 0 rgba(0,0,0,0.2),0 5px 15px 0 rgba(0,0,0,0.19);\" srcset=\"https:\/\/www.brachwitz.eu\/wp-content\/uploads\/2018\/12\/1FD1CA27-1A2D-4052-8277-074E1FEA9AB7.jpeg 597w, https:\/\/www.brachwitz.eu\/wp-content\/uploads\/2018\/12\/1FD1CA27-1A2D-4052-8277-074E1FEA9AB7-300x151.jpeg 300w\" sizes=\"auto, 100vw\" \/>\n\t\t\t\t<p class=\"wplp_display\" style=\"font-style: italic; text-align: center\" >A143 - Ausgrabungen starten<\/p>\n\t\t\t\t<p class=\"wplp_desc\" style=\"\"><\/p>\n\t\t\t\t<\/a>\n\t\t\t\t<\/div>\n\t\t\t\t<\/div><\/div><div style=\"clear:both;\"><\/div>\n","protected":false},"excerpt":{"rendered":"","protected":false},"author":1,"featured_media":0,"parent":0,"menu_order":0,"comment_status":"closed","ping_status":"closed","template":"","meta":{"_exactmetrics_skip_tracking":false,"_exactmetrics_sitenote_active":false,"_exactmetrics_sitenote_note":"","_exactmetrics_sitenote_category":0,"jetpack_post_was_ever_published":false,"footnotes":""},"class_list":["post-203","page","type-page","status-publish","hentry"],"yoast_head":"<!-- This site is optimized with the Yoast SEO plugin v27.1.1 - https:\/\/yoast.com\/product\/yoast-seo-wordpress\/ -->\n<title>Presse - Brachwitz<\/title>\n<meta name=\"robots\" content=\"index, follow, max-snippet:-1, max-image-preview:large, max-video-preview:-1\" \/>\n<link rel=\"canonical\" href=\"https:\/\/www.brachwitz.eu\/index.php\/presse\/\" \/>\n<meta property=\"og:locale\" content=\"de_DE\" \/>\n<meta property=\"og:type\" content=\"article\" \/>\n<meta property=\"og:title\" content=\"Presse - Brachwitz\" \/>\n<meta property=\"og:url\" content=\"https:\/\/www.brachwitz.eu\/index.php\/presse\/\" \/>\n<meta property=\"og:site_name\" content=\"Brachwitz\" \/>\n<meta property=\"article:modified_time\" content=\"2018-10-16T20:43:31+00:00\" \/>\n<meta name=\"twitter:card\" content=\"summary_large_image\" \/>\n<script type=\"application\/ld+json\" class=\"yoast-schema-graph\">{\"@context\":\"https:\/\/schema.org\",\"@graph\":[{\"@type\":\"WebPage\",\"@id\":\"https:\/\/www.brachwitz.eu\/index.php\/presse\/\",\"url\":\"https:\/\/www.brachwitz.eu\/index.php\/presse\/\",\"name\":\"Presse - Brachwitz\",\"isPartOf\":{\"@id\":\"https:\/\/www.brachwitz.eu\/#website\"},\"datePublished\":\"2018-10-16T20:31:56+00:00\",\"dateModified\":\"2018-10-16T20:43:31+00:00\",\"breadcrumb\":{\"@id\":\"https:\/\/www.brachwitz.eu\/index.php\/presse\/#breadcrumb\"},\"inLanguage\":\"de\",\"potentialAction\":[{\"@type\":\"ReadAction\",\"target\":[\"https:\/\/www.brachwitz.eu\/index.php\/presse\/\"]}]},{\"@type\":\"BreadcrumbList\",\"@id\":\"https:\/\/www.brachwitz.eu\/index.php\/presse\/#breadcrumb\",\"itemListElement\":[{\"@type\":\"ListItem\",\"position\":1,\"name\":\"Startseite\",\"item\":\"https:\/\/www.brachwitz.eu\/\"},{\"@type\":\"ListItem\",\"position\":2,\"name\":\"Presse\"}]},{\"@type\":\"WebSite\",\"@id\":\"https:\/\/www.brachwitz.eu\/#website\",\"url\":\"https:\/\/www.brachwitz.eu\/\",\"name\":\"Brachwitz\",\"description\":\"Die Perle an der Saale\",\"potentialAction\":[{\"@type\":\"SearchAction\",\"target\":{\"@type\":\"EntryPoint\",\"urlTemplate\":\"https:\/\/www.brachwitz.eu\/?s={search_term_string}\"},\"query-input\":{\"@type\":\"PropertyValueSpecification\",\"valueRequired\":true,\"valueName\":\"search_term_string\"}}],\"inLanguage\":\"de\"}]}<\/script>\n<!-- \/ Yoast SEO plugin. -->","yoast_head_json":{"title":"Presse - Brachwitz","robots":{"index":"index","follow":"follow","max-snippet":"max-snippet:-1","max-image-preview":"max-image-preview:large","max-video-preview":"max-video-preview:-1"},"canonical":"https:\/\/www.brachwitz.eu\/index.php\/presse\/","og_locale":"de_DE","og_type":"article","og_title":"Presse - Brachwitz","og_url":"https:\/\/www.brachwitz.eu\/index.php\/presse\/","og_site_name":"Brachwitz","article_modified_time":"2018-10-16T20:43:31+00:00","twitter_card":"summary_large_image","schema":{"@context":"https:\/\/schema.org","@graph":[{"@type":"WebPage","@id":"https:\/\/www.brachwitz.eu\/index.php\/presse\/","url":"https:\/\/www.brachwitz.eu\/index.php\/presse\/","name":"Presse - Brachwitz","isPartOf":{"@id":"https:\/\/www.brachwitz.eu\/#website"},"datePublished":"2018-10-16T20:31:56+00:00","dateModified":"2018-10-16T20:43:31+00:00","breadcrumb":{"@id":"https:\/\/www.brachwitz.eu\/index.php\/presse\/#breadcrumb"},"inLanguage":"de","potentialAction":[{"@type":"ReadAction","target":["https:\/\/www.brachwitz.eu\/index.php\/presse\/"]}]},{"@type":"BreadcrumbList","@id":"https:\/\/www.brachwitz.eu\/index.php\/presse\/#breadcrumb","itemListElement":[{"@type":"ListItem","position":1,"name":"Startseite","item":"https:\/\/www.brachwitz.eu\/"},{"@type":"ListItem","position":2,"name":"Presse"}]},{"@type":"WebSite","@id":"https:\/\/www.brachwitz.eu\/#website","url":"https:\/\/www.brachwitz.eu\/","name":"Brachwitz","description":"Die Perle an der Saale","potentialAction":[{"@type":"SearchAction","target":{"@type":"EntryPoint","urlTemplate":"https:\/\/www.brachwitz.eu\/?s={search_term_string}"},"query-input":{"@type":"PropertyValueSpecification","valueRequired":true,"valueName":"search_term_string"}}],"inLanguage":"de"}]}},"jetpack_sharing_enabled":true,"jetpack_shortlink":"https:\/\/wp.me\/PaziYC-3h","_links":{"self":[{"href":"https:\/\/www.brachwitz.eu\/index.php\/wp-json\/wp\/v2\/pages\/203","targetHints":{"allow":["GET"]}}],"collection":[{"href":"https:\/\/www.brachwitz.eu\/index.php\/wp-json\/wp\/v2\/pages"}],"about":[{"href":"https:\/\/www.brachwitz.eu\/index.php\/wp-json\/wp\/v2\/types\/page"}],"author":[{"embeddable":true,"href":"https:\/\/www.brachwitz.eu\/index.php\/wp-json\/wp\/v2\/users\/1"}],"replies":[{"embeddable":true,"href":"https:\/\/www.brachwitz.eu\/index.php\/wp-json\/wp\/v2\/comments?post=203"}],"version-history":[{"count":10,"href":"https:\/\/www.brachwitz.eu\/index.php\/wp-json\/wp\/v2\/pages\/203\/revisions"}],"predecessor-version":[{"id":216,"href":"https:\/\/www.brachwitz.eu\/index.php\/wp-json\/wp\/v2\/pages\/203\/revisions\/216"}],"wp:attachment":[{"href":"https:\/\/www.brachwitz.eu\/index.php\/wp-json\/wp\/v2\/media?parent=203"}],"curies":[{"name":"wp","href":"https:\/\/api.w.org\/{rel}","templated":true}]}}