{"id":247,"date":"2018-10-18T20:47:06","date_gmt":"2018-10-18T18:47:06","guid":{"rendered":"http:\/\/www.brachwitz.eu\/?page_id=247"},"modified":"2019-10-23T12:06:51","modified_gmt":"2019-10-23T10:06:51","slug":"geschichte-2","status":"publish","type":"page","link":"https:\/\/www.brachwitz.eu\/index.php\/geschichte-2\/","title":{"rendered":"Geschichte"},"content":{"rendered":"\t\t\t<!-- Cool Timeline PRO V4.8.10 -->\r\n\t\t\t<div class=\"ctl-wrapper\" role=\"region\" aria-label=\"Timeline\">\r\n\t\t\t\t<div class=\"ctl-before-content\"><div class=\"timeline-main-title\"><h1>Cool Timeline<\/h1><\/div><\/div>\t\t\t\t<div id=\"cool_timeline_1\" class=\"cool-timeline-wrapper ctl-both-sided ctl-vertical-wrapper ctl-default\" data-nav=\"show\" data-line-filling=\"false\" data-nav-pos=\"right\" data-nav-style=\"style-1\">\r\n\t\t\t\t\t<div class=\"ctl-start\"><\/div>\r\n\t\t\t\t\t<!-- Timeline Container -->\r\n\t\t\t\t\t<div class=\"ctl-timeline ctl-timeline-container\" data-animation=\"fade-in\" aria-live=\"polite\">\r\n\t\t\t\t\t\t<!-- Center Line -->\r\n\t\t\t\t\t\t<div class=\"ctl-inner-line\" role=\"presentation\"><\/div>\r\n\t\t\t\t\t\t<!-- Story Year Section --><div data-cls=\"sc-nv-light vertical\" class=\"timeline-year scrollable-section ctl-year ctl-year-container light-year\" data-section-title=\"2024\" id=\"year-2024\"><div class=\"ctl-year-label ctl-year-text\"><span>2024<\/span><\/div><\/div><!-- Timeline Content --><div id=\"ctl-story-30734\" class=\"ctl-story ctl-story-dot-icon odd ctl-story-right ctl-no-media\" data-story-index=\"1\" role=\"article\"><!-- Story IconDot --><div class=\"ctl-icondot\"><\/div> <!-- Story Arrow --><div class=\"ctl-arrow\"><\/div>\r\n\t\t\t<!-- Story Content --><div class=\"ctl-content\"><!-- Story Title --><div class=\"ctl-title story-30734\" aria-label=\"Polarlichter \u00fcber Brachwitz\"><a target=\"_self\" title=\"Polarlichter \u00fcber Brachwitz\" href=\"https:\/\/www.sternwarte-brachwitz.de\/2024\/10\/11\/polarlichter-ueber-brachwitz-10-10-2024\/\" class=\"story-link\">Polarlichter \u00fcber Brachwitz<\/a><\/div><!-- Story Description --><div class=\"ctl-description\"><p>https:\/\/www.sternwarte-brachwitz.de\/2024\/10\/11\/polarlichter-ueber-brachwitz-10-10-2024\/<\/p>\n<\/div><\/div><\/div><!-- Timeline Content --><div id=\"ctl-story-36331\" class=\"ctl-story ctl-story-dot-icon even ctl-story-left ctl-no-media\" data-story-index=\"2\" role=\"article\"><!-- Story IconDot --><div class=\"ctl-icondot\"><\/div> <!-- Story Arrow --><div class=\"ctl-arrow\"><\/div>\r\n\t\t\t<!-- Story Content --><div class=\"ctl-content\"><!-- Story Title --><div class=\"ctl-title story-36331\" aria-label=\"Familienfest 2024\"><a target=\"_self\" title=\"Familienfest 2024\" href=\"https:\/\/www.brachwitz.eu\/index.php\/timeline\/familienfest-2024\/\" class=\"story-link\">Familienfest 2024<\/a><\/div><!-- Story Description --><div class=\"ctl-description\"><p>Am 21.09.2024 fand das erste Familienfest in Brachwitz statt. &nbsp; Screenshot<\/p>\n<\/div><\/div><\/div><!-- Timeline Content --><div id=\"ctl-story-30276\" class=\"ctl-story ctl-story-dot-icon odd ctl-story-right ctl-no-media\" data-story-index=\"3\" role=\"article\"><!-- Story IconDot --><div class=\"ctl-icondot\"><\/div> <!-- Story Arrow --><div class=\"ctl-arrow\"><\/div>\r\n\t\t\t<!-- Story Content --><div class=\"ctl-content\"><!-- Story Title --><div class=\"ctl-title story-30276\" aria-label=\"Brachwitz Rockt\"><a target=\"_self\" title=\"Brachwitz Rockt\" href=\"https:\/\/www.brachwitz.eu\/index.php\/timeline\/brachwitz-rockt\/\" class=\"story-link\">Brachwitz Rockt<\/a><\/div><\/div><\/div><!-- Story Year Section --><div data-cls=\"sc-nv-light vertical\" class=\"timeline-year scrollable-section ctl-year ctl-year-container light-year\" data-section-title=\"2022\" id=\"year-2022\"><div class=\"ctl-year-label ctl-year-text\"><span>2022<\/span><\/div><\/div><!-- Timeline Content --><div id=\"ctl-story-30277\" class=\"ctl-story ctl-story-dot-icon even ctl-story-left ctl-no-media\" data-story-index=\"4\" role=\"article\"><!-- Story IconDot --><div class=\"ctl-icondot\"><\/div> <!-- Story Arrow --><div class=\"ctl-arrow\"><\/div>\r\n\t\t\t<!-- Story Content --><div class=\"ctl-content\"><!-- Story Title --><div class=\"ctl-title story-30277\" aria-label=\"100 Jahre Feuerwehr Brachwitz\"><a target=\"_self\" title=\"100 Jahre Feuerwehr Brachwitz\" href=\"https:\/\/www.brachwitz.eu\/index.php\/timeline\/100-jahre-feuerwehr-brachwitz\/\" class=\"story-link\">100 Jahre Feuerwehr Brachwitz<\/a><\/div><!-- Story Description --><div class=\"ctl-description\"><p>100 Jahre Feuerwehr Brachwitz<\/p>\n<\/div><\/div><\/div><!-- Story Year Section --><div data-cls=\"sc-nv-light vertical\" class=\"timeline-year scrollable-section ctl-year ctl-year-container light-year\" data-section-title=\"2017\" id=\"year-2017\"><div class=\"ctl-year-label ctl-year-text\"><span>2017<\/span><\/div><\/div><!-- Timeline Content --><div id=\"ctl-story-327\" class=\"ctl-story ctl-story-dot-icon odd ctl-story-right\" data-story-index=\"5\" role=\"article\"><!-- Story IconDot --><div class=\"ctl-icondot\"><\/div> <!-- Story Arrow --><div class=\"ctl-arrow\"><\/div>\r\n\t\t\t<!-- Story Content --><div class=\"ctl-content\"><!-- Story Title --><div class=\"ctl-title story-327\" aria-label=\"Brachwitz &#8211; Kerniges Dorf\"><a target=\"_self\" title=\"Brachwitz &#8211; Kerniges Dorf\" href=\"https:\/\/www.brachwitz.eu\/index.php\/timeline\/brachwitz-kerniges-dorf\/\" class=\"story-link\">Brachwitz &#8211; Kerniges Dorf<\/a><\/div><!-- Story Media --><div class=\"ctl-media full\"><a data-glightbox=\"Brachwitz &#8211; Kerniges Dorf\" href=\"https:\/\/www.brachwitz.eu\/wp-content\/uploads\/2018\/10\/569D2F89-DC93-42DA-86DA-A03A43417785.jpeg\" class=\"ctl_glightbox\"><img loading=\"lazy\" decoding=\"async\" width=\"525\" height=\"196\" src=\"https:\/\/www.brachwitz.eu\/wp-content\/uploads\/2018\/10\/569D2F89-DC93-42DA-86DA-A03A43417785-1024x383.jpeg\" class=\"story-img wp-post-image\" alt=\"Brachwitz &#8211; Kerniges Dorf\" srcset=\"https:\/\/www.brachwitz.eu\/wp-content\/uploads\/2018\/10\/569D2F89-DC93-42DA-86DA-A03A43417785-1024x383.jpeg 1024w, https:\/\/www.brachwitz.eu\/wp-content\/uploads\/2018\/10\/569D2F89-DC93-42DA-86DA-A03A43417785-300x112.jpeg 300w, https:\/\/www.brachwitz.eu\/wp-content\/uploads\/2018\/10\/569D2F89-DC93-42DA-86DA-A03A43417785-768x287.jpeg 768w, https:\/\/www.brachwitz.eu\/wp-content\/uploads\/2018\/10\/569D2F89-DC93-42DA-86DA-A03A43417785.jpeg 1206w\" sizes=\"auto, 100vw\" \/><\/a><\/div><!-- Story Description --><div class=\"ctl-description\"><p>Brachwitz &#8211; Kerniges Dorf Nach dem Gewinn des Titels im Landeswettbewerb &#8222;Unser Dorf hat Zukunft&#8220; des Landes Sachsen-Anhalt und die damit verbundene Kr\u00f6nung zum sch\u00f6nsten Dorf, konnte Brachwitz auch den Bundeswettbewerb &#8222;Kerniges Dorf&#8220; f\u00fcr sich entscheiden. pressemitteilung-brachwitz-sieger-kerniges-dorf-2017-3 &nbsp; Presse DGP - Homepage - HTTP Status 404 Dorfwettbewertb 2018: Eichstedt-Brachwitz -&hellip;<br \/><a class=\"read_more ctl_read_more\" target=\"_self\" href=\"https:\/\/www.brachwitz.eu\/index.php\/timeline\/brachwitz-kerniges-dorf\/\" role=\"link\">Mehr lesen<\/a><\/p>\n<\/div><\/div><\/div><!-- Timeline Content --><div id=\"ctl-story-316\" class=\"ctl-story ctl-story-dot-icon even ctl-story-left\" data-story-index=\"6\" role=\"article\"><!-- Story IconDot --><div class=\"ctl-icondot\"><\/div> <!-- Story Arrow --><div class=\"ctl-arrow\"><\/div>\r\n\t\t\t<!-- Story Content --><div class=\"ctl-content\"><!-- Story Title --><div class=\"ctl-title story-316\" aria-label=\"Brachwitz wird sch\u00f6nstes Dorf im Saalkreis\"><a target=\"_self\" title=\"Brachwitz wird sch\u00f6nstes Dorf im Saalkreis\" href=\"https:\/\/www.brachwitz.eu\/index.php\/timeline\/brachwitz-wird-schoenstes-dorf-im-saalkreis\/\" class=\"story-link\">Brachwitz wird sch\u00f6nstes Dorf im Saalkreis<\/a><\/div><!-- Story Media --><div class=\"ctl-media full\"><a data-glightbox=\"Brachwitz wird sch\u00f6nstes Dorf im Saalkreis\" href=\"https:\/\/www.brachwitz.eu\/wp-content\/uploads\/2018\/10\/b-brachwitz-210917.jpg\" class=\"ctl_glightbox\"><img loading=\"lazy\" decoding=\"async\" width=\"525\" height=\"263\" src=\"https:\/\/www.brachwitz.eu\/wp-content\/uploads\/2018\/10\/b-brachwitz-210917.jpg\" class=\"story-img wp-post-image\" alt=\"Brachwitz wird sch\u00f6nstes Dorf im Saalkreis\" srcset=\"https:\/\/www.brachwitz.eu\/wp-content\/uploads\/2018\/10\/b-brachwitz-210917.jpg 940w, https:\/\/www.brachwitz.eu\/wp-content\/uploads\/2018\/10\/b-brachwitz-210917-300x150.jpg 300w, https:\/\/www.brachwitz.eu\/wp-content\/uploads\/2018\/10\/b-brachwitz-210917-768x384.jpg 768w\" sizes=\"auto, 100vw\" \/><\/a><\/div><!-- Story Description --><div class=\"ctl-description\"><p>Brachwitz wird sch\u00f6nstes Dorf im Saalkreis Am 21.09.2017 wird Brachwitz im Rahmen des Programms &#8222;Unser Dorf hat Zukunft&#8220; zum sch\u00f6nsten Dorf im Saalekreis gek\u00fcrt. &nbsp; Presse Brachwitz - das sch\u00f6nste Dorf Wettbewerb \u201eUnser Dorf hat Zukunft\u201c Das ist das sch\u00f6nste Dorf im Saalekreis Brachwitz So sch\u00f6n ist das sch\u00f6nste Dorf&hellip;<br \/><a class=\"read_more ctl_read_more\" target=\"_self\" href=\"https:\/\/www.brachwitz.eu\/index.php\/timeline\/brachwitz-wird-schoenstes-dorf-im-saalkreis\/\" role=\"link\">Mehr lesen<\/a><\/p>\n<\/div><\/div><\/div><!-- Story Year Section --><div data-cls=\"sc-nv-light vertical\" class=\"timeline-year scrollable-section ctl-year ctl-year-container light-year\" data-section-title=\"2015\" id=\"year-2015\"><div class=\"ctl-year-label ctl-year-text\"><span>2015<\/span><\/div><\/div><!-- Timeline Content --><div id=\"ctl-story-244\" class=\"ctl-story ctl-story-dot-icon odd ctl-story-right\" data-story-index=\"7\" role=\"article\"><!-- Story IconDot --><div class=\"ctl-icondot\"><\/div> <!-- Story Arrow --><div class=\"ctl-arrow\"><\/div>\r\n\t\t\t<!-- Story Content --><div class=\"ctl-content\"><!-- Story Title --><div class=\"ctl-title story-244\" aria-label=\"Unwetter in Brachwitz\"><a target=\"_self\" title=\"Unwetter in Brachwitz\" href=\"https:\/\/www.brachwitz.eu\/index.php\/timeline\/unwetter-in-brachwitz\/\" class=\"story-link\">Unwetter in Brachwitz<\/a><\/div><!-- Story Media --><div class=\"ctl-media full\"><a data-glightbox=\"Unwetter in Brachwitz\" href=\"https:\/\/www.brachwitz.eu\/wp-content\/uploads\/2018\/10\/IMG_7559.jpg\" class=\"ctl_glightbox\"><img loading=\"lazy\" decoding=\"async\" width=\"525\" height=\"394\" src=\"https:\/\/www.brachwitz.eu\/wp-content\/uploads\/2018\/10\/IMG_7559-1024x768.jpg\" class=\"story-img wp-post-image\" alt=\"Unwetter in Brachwitz\" srcset=\"https:\/\/www.brachwitz.eu\/wp-content\/uploads\/2018\/10\/IMG_7559-1024x768.jpg 1024w, https:\/\/www.brachwitz.eu\/wp-content\/uploads\/2018\/10\/IMG_7559-300x225.jpg 300w, https:\/\/www.brachwitz.eu\/wp-content\/uploads\/2018\/10\/IMG_7559-768x576.jpg 768w\" sizes=\"auto, 100vw\" \/><\/a><\/div><!-- Story Description --><div class=\"ctl-description\"><p>Am Abend des 07.07.2015 wurde in Brachwitz durch eine Gewitterfallb\u00f6e (Downburst) immenser Schaden angerichtet. Die Feuerwehr war stundenlang im Einsatz.<\/p>\n<\/div><\/div><\/div><!-- Story Year Section --><div data-cls=\"sc-nv-light vertical\" class=\"timeline-year scrollable-section ctl-year ctl-year-container light-year\" data-section-title=\"2014\" id=\"year-2014\"><div class=\"ctl-year-label ctl-year-text\"><span>2014<\/span><\/div><\/div><!-- Timeline Content --><div id=\"ctl-story-2005\" class=\"ctl-story ctl-story-dot-icon even ctl-story-left\" data-story-index=\"8\" role=\"article\"><!-- Story IconDot --><div class=\"ctl-icondot\"><\/div> <!-- Story Arrow --><div class=\"ctl-arrow\"><\/div>\r\n\t\t\t<!-- Story Content --><div class=\"ctl-content\"><!-- Story Title --><div class=\"ctl-title story-2005\" aria-label=\"Auch im Saalekreis wird gefunkt\"><a target=\"_self\" title=\"Auch im Saalekreis wird gefunkt\" href=\"https:\/\/www.brachwitz.eu\/index.php\/timeline\/auch-im-saalekreis-wurde-gefunkt\/\" class=\"story-link\">Auch im Saalekreis wird gefunkt<\/a><\/div><!-- Story Media --><div class=\"ctl-media full\"><a data-glightbox=\"Auch im Saalekreis wird gefunkt\" href=\"https:\/\/www.brachwitz.eu\/wp-content\/uploads\/2019\/02\/2EC11ECE-8925-4CDA-8A2D-CEB011EDFF50.jpeg\" class=\"ctl_glightbox\"><img loading=\"lazy\" decoding=\"async\" width=\"525\" height=\"416\" src=\"https:\/\/www.brachwitz.eu\/wp-content\/uploads\/2019\/02\/2EC11ECE-8925-4CDA-8A2D-CEB011EDFF50-1024x812.jpeg\" class=\"story-img wp-post-image\" alt=\"Auch im Saalekreis wird gefunkt\" srcset=\"https:\/\/www.brachwitz.eu\/wp-content\/uploads\/2019\/02\/2EC11ECE-8925-4CDA-8A2D-CEB011EDFF50-1024x812.jpeg 1024w, https:\/\/www.brachwitz.eu\/wp-content\/uploads\/2019\/02\/2EC11ECE-8925-4CDA-8A2D-CEB011EDFF50-300x238.jpeg 300w, https:\/\/www.brachwitz.eu\/wp-content\/uploads\/2019\/02\/2EC11ECE-8925-4CDA-8A2D-CEB011EDFF50-768x609.jpeg 768w, https:\/\/www.brachwitz.eu\/wp-content\/uploads\/2019\/02\/2EC11ECE-8925-4CDA-8A2D-CEB011EDFF50.jpeg 1431w\" sizes=\"auto, 100vw\" \/><\/a><\/div><!-- Story Description --><div class=\"ctl-description\"><p>JOACHIM ZANDER Auch im Saalekreis wird gefunkt \u2014 Die Morsetelegrafie als Weltkulturerbe Wohl kaum eine Er\ufb01ndung wirkte im Laufe der Menschheitsgeschichte so umw\u00e4lzend und hat die Entwicklung der gesamten Welt derartig entscheidend beeinflusst, wie die der Signal\u00fcbertragung durch\u00a0elektromagnetische Wellen. Einige Nationen wetteifern eigenartiger weise um die Priorit\u00e4t der \u201eEr\ufb01ndung des&hellip;<br \/><a class=\"read_more ctl_read_more\" target=\"_self\" href=\"https:\/\/www.brachwitz.eu\/index.php\/timeline\/auch-im-saalekreis-wurde-gefunkt\/\" role=\"link\">Mehr lesen<\/a><\/p>\n<\/div><\/div><\/div><!-- Story Year Section --><div data-cls=\"sc-nv-light vertical\" class=\"timeline-year scrollable-section ctl-year ctl-year-container light-year\" data-section-title=\"2013\" id=\"year-2013\"><div class=\"ctl-year-label ctl-year-text\"><span>2013<\/span><\/div><\/div><!-- Timeline Content --><div id=\"ctl-story-257\" class=\"ctl-story ctl-story-dot-icon odd ctl-story-right\" data-story-index=\"9\" role=\"article\"><!-- Story IconDot --><div class=\"ctl-icondot\"><\/div> <!-- Story Arrow --><div class=\"ctl-arrow\"><\/div>\r\n\t\t\t<!-- Story Content --><div class=\"ctl-content\"><!-- Story Title --><div class=\"ctl-title story-257\" aria-label=\"Jahrhundertflut in Brachwitz\"><a target=\"_self\" title=\"Jahrhundertflut in Brachwitz\" href=\"https:\/\/www.brachwitz.eu\/index.php\/timeline\/jahrhundertflut-in-brachwitz\/\" class=\"story-link\">Jahrhundertflut in Brachwitz<\/a><\/div><!-- Story Media --><div class=\"ctl-media full\"><a data-glightbox=\"Jahrhundertflut in Brachwitz\" href=\"https:\/\/www.brachwitz.eu\/wp-content\/uploads\/2018\/10\/F5105695-A245-44AF-B65E-DA48521940AC.jpeg\" class=\"ctl_glightbox\"><img loading=\"lazy\" decoding=\"async\" width=\"525\" height=\"366\" src=\"https:\/\/www.brachwitz.eu\/wp-content\/uploads\/2018\/10\/F5105695-A245-44AF-B65E-DA48521940AC-1024x714.jpeg\" class=\"story-img wp-post-image\" alt=\"Jahrhundertflut in Brachwitz\" srcset=\"https:\/\/www.brachwitz.eu\/wp-content\/uploads\/2018\/10\/F5105695-A245-44AF-B65E-DA48521940AC-1024x714.jpeg 1024w, https:\/\/www.brachwitz.eu\/wp-content\/uploads\/2018\/10\/F5105695-A245-44AF-B65E-DA48521940AC-300x209.jpeg 300w, https:\/\/www.brachwitz.eu\/wp-content\/uploads\/2018\/10\/F5105695-A245-44AF-B65E-DA48521940AC-768x536.jpeg 768w, https:\/\/www.brachwitz.eu\/wp-content\/uploads\/2018\/10\/F5105695-A245-44AF-B65E-DA48521940AC.jpeg 1781w\" sizes=\"auto, 100vw\" \/><\/a><\/div><!-- Story Description --><div class=\"ctl-description\"><p>Mit \u00fcber 8,10m, einem Meter h\u00f6her als der H\u00f6chststand von 1994, hat wirklich niemand rechnen k\u00f6nnen. Alle haben weit \u00fcber ihre M\u00f6glichkeiten gek\u00e4mpft. Danke.<\/p>\n<\/div><\/div><\/div><!-- Story Year Section --><div data-cls=\"sc-nv-light vertical\" class=\"timeline-year scrollable-section ctl-year ctl-year-container light-year\" data-section-title=\"2012\" id=\"year-2012\"><div class=\"ctl-year-label ctl-year-text\"><span>2012<\/span><\/div><\/div><!-- Timeline Content --><div id=\"ctl-story-3206\" class=\"ctl-story ctl-story-dot-icon even ctl-story-left\" data-story-index=\"10\" role=\"article\"><!-- Story IconDot --><div class=\"ctl-icondot\"><\/div> <!-- Story Arrow --><div class=\"ctl-arrow\"><\/div>\r\n\t\t\t<!-- Story Content --><div class=\"ctl-content\"><!-- Story Title --><div class=\"ctl-title story-3206\" aria-label=\"300 Jahre &#8222;Alter Fritz&#8220;\"><a target=\"_self\" title=\"300 Jahre &#8222;Alter Fritz&#8220;\" href=\"https:\/\/www.brachwitz.eu\/index.php\/timeline\/300-jahre-alter-fritz\/\" class=\"story-link\">300 Jahre &#8222;Alter Fritz&#8220;<\/a><\/div><!-- Story Media --><div class=\"ctl-media full\"><a data-glightbox=\"300 Jahre &#8222;Alter Fritz&#8220;\" href=\"https:\/\/www.brachwitz.eu\/wp-content\/uploads\/2019\/10\/500B7A9D-9078-4928-B47D-AF09EBC6F492.jpeg\" class=\"ctl_glightbox\"><img loading=\"lazy\" decoding=\"async\" width=\"525\" height=\"469\" src=\"https:\/\/www.brachwitz.eu\/wp-content\/uploads\/2019\/10\/500B7A9D-9078-4928-B47D-AF09EBC6F492-1024x914.jpeg\" class=\"story-img wp-post-image\" alt=\"300 Jahre &#8222;Alter Fritz&#8220;\" srcset=\"https:\/\/www.brachwitz.eu\/wp-content\/uploads\/2019\/10\/500B7A9D-9078-4928-B47D-AF09EBC6F492-1024x914.jpeg 1024w, https:\/\/www.brachwitz.eu\/wp-content\/uploads\/2019\/10\/500B7A9D-9078-4928-B47D-AF09EBC6F492-300x268.jpeg 300w, https:\/\/www.brachwitz.eu\/wp-content\/uploads\/2019\/10\/500B7A9D-9078-4928-B47D-AF09EBC6F492-768x685.jpeg 768w, https:\/\/www.brachwitz.eu\/wp-content\/uploads\/2019\/10\/500B7A9D-9078-4928-B47D-AF09EBC6F492.jpeg 1190w\" sizes=\"auto, 100vw\" \/><\/a><\/div><!-- Story Description --><div class=\"ctl-description\"><p>24. Januar 1712\u201424. Januar 2012 An diesem Tag w\u00e4re der preu\u00dfische K\u00f6nig Friedrich II., genannt der\u00a0Gro\u00dfe oder der Alte Fritz, 300 Jahre alt geworden. Nun gibt es eine Urkunde vom 25. Dezember 1769, die einen Bezug zu einem Ort im Saalekreis herstellt: Friedrichsschwerz. Der alte\u00a0Ort war niedergegangen und Friedrich befahl,&hellip;<br \/><a class=\"read_more ctl_read_more\" target=\"_self\" href=\"https:\/\/www.brachwitz.eu\/index.php\/timeline\/300-jahre-alter-fritz\/\" role=\"link\">Mehr lesen<\/a><\/p>\n<\/div><\/div><\/div><!-- Story Year Section --><div data-cls=\"sc-nv-light vertical\" class=\"timeline-year scrollable-section ctl-year ctl-year-container light-year\" data-section-title=\"1997\" id=\"year-1997\"><div class=\"ctl-year-label ctl-year-text\"><span>1997<\/span><\/div><\/div><!-- Timeline Content --><div id=\"ctl-story-3210\" class=\"ctl-story ctl-story-dot-icon odd ctl-story-right\" data-story-index=\"11\" role=\"article\"><!-- Story IconDot --><div class=\"ctl-icondot\"><\/div> <!-- Story Arrow --><div class=\"ctl-arrow\"><\/div>\r\n\t\t\t<!-- Story Content --><div class=\"ctl-content\"><!-- Story Title --><div class=\"ctl-title story-3210\" aria-label=\"Ortsmuseum Brachwitz\"><a target=\"_self\" title=\"Ortsmuseum Brachwitz\" href=\"https:\/\/www.brachwitz.eu\/index.php\/timeline\/ortsmuseum-brachwitz\/\" class=\"story-link\">Ortsmuseum Brachwitz<\/a><\/div><!-- Story Media --><div class=\"ctl-media full\"><a data-glightbox=\"Ortsmuseum Brachwitz\" href=\"https:\/\/www.brachwitz.eu\/wp-content\/uploads\/2019\/10\/F2DEB974-0603-4BF1-8D36-262459142329.jpeg\" class=\"ctl_glightbox\"><img loading=\"lazy\" decoding=\"async\" width=\"525\" height=\"662\" src=\"https:\/\/www.brachwitz.eu\/wp-content\/uploads\/2019\/10\/F2DEB974-0603-4BF1-8D36-262459142329-812x1024.jpeg\" class=\"story-img wp-post-image\" alt=\"Ortsmuseum Brachwitz\" srcset=\"https:\/\/www.brachwitz.eu\/wp-content\/uploads\/2019\/10\/F2DEB974-0603-4BF1-8D36-262459142329-812x1024.jpeg 812w, https:\/\/www.brachwitz.eu\/wp-content\/uploads\/2019\/10\/F2DEB974-0603-4BF1-8D36-262459142329-238x300.jpeg 238w, https:\/\/www.brachwitz.eu\/wp-content\/uploads\/2019\/10\/F2DEB974-0603-4BF1-8D36-262459142329-768x969.jpeg 768w, https:\/\/www.brachwitz.eu\/wp-content\/uploads\/2019\/10\/F2DEB974-0603-4BF1-8D36-262459142329.jpeg 1242w\" sizes=\"auto, 100vw\" \/><\/a><\/div><!-- Story Description --><div class=\"ctl-description\"><p>Anmerkung der Redaktion: Leider gibt es das Museum nicht mehr in seiner beschrieben Form. Neu in Brachwitz: Das Ortsmuseum Anl\u00e4\u00dflich der 700\u2014Jahrfeier 1997 wurde im Geb\u00e4ude des Gemeindeamtes im Ort Brachw1tz eine museale Dauerausstellung er\u00f6ffnet.\u00a0Die Bodenr\u00e4ume der ehemaligen Schule lagen ungenutzt. Durch einen\u00a0Beschlu\u00df der Gemeindevertretung war die \ufb01nanzielle M\u00f6glichkeit gegeben.&hellip;<br \/><a class=\"read_more ctl_read_more\" target=\"_self\" href=\"https:\/\/www.brachwitz.eu\/index.php\/timeline\/ortsmuseum-brachwitz\/\" role=\"link\">Mehr lesen<\/a><\/p>\n<\/div><\/div><\/div><!-- Story Year Section --><div data-cls=\"sc-nv-light vertical\" class=\"timeline-year scrollable-section ctl-year ctl-year-container light-year\" data-section-title=\"1922\" id=\"year-1922\"><div class=\"ctl-year-label ctl-year-text\"><span>1922<\/span><\/div><\/div><!-- Timeline Content --><div id=\"ctl-story-312\" class=\"ctl-story ctl-story-dot-icon even ctl-story-left\" data-story-index=\"12\" role=\"article\"><!-- Story IconDot --><div class=\"ctl-icondot\"><\/div> <!-- Story Arrow --><div class=\"ctl-arrow\"><\/div>\r\n\t\t\t<!-- Story Content --><div class=\"ctl-content\"><!-- Story Title --><div class=\"ctl-title story-312\" aria-label=\"Gr\u00fcndung der Feuerwehr Brachwitz\"><a target=\"_self\" title=\"Gr\u00fcndung der Feuerwehr Brachwitz\" href=\"https:\/\/www.brachwitz.eu\/index.php\/timeline\/gruendung-der-feuerwehr-brachwitz\/\" class=\"story-link\">Gr\u00fcndung der Feuerwehr Brachwitz<\/a><\/div><!-- Story Media --><div class=\"ctl-media full\"><a data-glightbox=\"Gr\u00fcndung der Feuerwehr Brachwitz\" href=\"https:\/\/www.brachwitz.eu\/wp-content\/uploads\/2018\/10\/L\u00fcdde-300x201.png\" class=\"ctl_glightbox\"><img loading=\"lazy\" decoding=\"async\" width=\"300\" height=\"201\" src=\"https:\/\/www.brachwitz.eu\/wp-content\/uploads\/2018\/10\/L\u00fcdde-300x201.png\" class=\"story-img wp-post-image\" alt=\"Gr\u00fcndung der Feuerwehr Brachwitz\" sizes=\"auto, 100vw\" \/><\/a><\/div><!-- Story Description --><div class=\"ctl-description\"><p>Die Freiwillige Feuerwehr Brachwitz gr\u00fcndete sich 1922. Zu den Gr\u00fcndungsmitgliedern z\u00e4hlten u. a. Wilhelm L\u00fcdde, Willi L\u00fcdde, Paul Mennicke, Karl Hering, Richard H\u00f6pfner, Otto Mennicke.(17) Der erste Wehrleiter war Wilhelm L\u00fcdde, nach ihm folgte Willi L\u00fcdde. &nbsp; Die gesamte Geschichte der Feuerwehr Bachwitz. Historie<\/p>\n<\/div><\/div><\/div><!-- Story Year Section --><div data-cls=\"sc-nv-light vertical\" class=\"timeline-year scrollable-section ctl-year ctl-year-container light-year\" data-section-title=\"1881\" id=\"year-1881\"><div class=\"ctl-year-label ctl-year-text\"><span>1881<\/span><\/div><\/div><!-- Timeline Content --><div id=\"ctl-story-1425\" class=\"ctl-story ctl-story-dot-icon odd ctl-story-right\" data-story-index=\"13\" role=\"article\"><!-- Story IconDot --><div class=\"ctl-icondot\"><\/div> <!-- Story Arrow --><div class=\"ctl-arrow\"><\/div>\r\n\t\t\t<!-- Story Content --><div class=\"ctl-content\"><!-- Story Title --><div class=\"ctl-title story-1425\" aria-label=\"Wanderungen durch den hallischen Stadt- und Saalekreis\"><a target=\"_self\" title=\"Wanderungen durch den hallischen Stadt- und Saalekreis\" href=\"https:\/\/www.brachwitz.eu\/index.php\/timeline\/wanderungen-durch-den-hallischen-stadt-und-saalekreis\/\" class=\"story-link\">Wanderungen durch den hallischen Stadt- und Saalekreis<\/a><\/div><!-- Story Media --><div class=\"ctl-media full\"><a data-glightbox=\"Wanderungen durch den hallischen Stadt- und Saalekreis\" href=\"https:\/\/www.brachwitz.eu\/wp-content\/uploads\/2019\/01\/2318166.jpeg\" class=\"ctl_glightbox\"><img loading=\"lazy\" decoding=\"async\" width=\"525\" height=\"757\" src=\"https:\/\/www.brachwitz.eu\/wp-content\/uploads\/2019\/01\/2318166-710x1024.jpeg\" class=\"story-img wp-post-image\" alt=\"Wanderungen durch den hallischen Stadt- und Saalekreis\" srcset=\"https:\/\/www.brachwitz.eu\/wp-content\/uploads\/2019\/01\/2318166-710x1024.jpeg 710w, https:\/\/www.brachwitz.eu\/wp-content\/uploads\/2019\/01\/2318166-208x300.jpeg 208w, https:\/\/www.brachwitz.eu\/wp-content\/uploads\/2019\/01\/2318166-768x1107.jpeg 768w, https:\/\/www.brachwitz.eu\/wp-content\/uploads\/2019\/01\/2318166.jpeg 904w\" sizes=\"auto, 100vw\" \/><\/a><\/div><!-- Story Description --><div class=\"ctl-description\"><p>1881 &#8211; Chronik f\u00fcr Heimatkunde f\u00fcr Schule und Haus Teil &#8211; Seite 110 bis 112 Eduard Mei\u00dfner Amtsbezirk Brachwitz Brachwitz hatte vor 100 Jahren 33 Feuerst\u00e4tten, jetzt 80. 1877 waren 619, jetzt sind 600 Einwohner vorhanden. Es befindet sich hier eine Kirche, eine Schule. Die Dom\u00e4ne hat 24 Einwohner. Dreyhaupt&hellip;<br \/><a class=\"read_more ctl_read_more\" target=\"_self\" href=\"https:\/\/www.brachwitz.eu\/index.php\/timeline\/wanderungen-durch-den-hallischen-stadt-und-saalekreis\/\" role=\"link\">Mehr lesen<\/a><\/p>\n<\/div><\/div><\/div><!-- Story Year Section --><div data-cls=\"sc-nv-light vertical\" class=\"timeline-year scrollable-section ctl-year ctl-year-container light-year\" data-section-title=\"1876\" id=\"year-1876\"><div class=\"ctl-year-label ctl-year-text\"><span>1876<\/span><\/div><\/div><!-- Timeline Content --><div id=\"ctl-story-3208\" class=\"ctl-story ctl-story-dot-icon even ctl-story-left\" data-story-index=\"14\" role=\"article\"><!-- Story IconDot --><div class=\"ctl-icondot\"><\/div> <!-- Story Arrow --><div class=\"ctl-arrow\"><\/div>\r\n\t\t\t<!-- Story Content --><div class=\"ctl-content\"><!-- Story Title --><div class=\"ctl-title story-3208\" aria-label=\"Oberamtmann Carl Wentzel\"><a target=\"_self\" title=\"Oberamtmann Carl Wentzel\" href=\"https:\/\/www.brachwitz.eu\/index.php\/timeline\/oberamtmann-carl-wentzel\/\" class=\"story-link\">Oberamtmann Carl Wentzel<\/a><\/div><!-- Story Media --><div class=\"ctl-media full\"><a data-glightbox=\"Oberamtmann Carl Wentzel\" href=\"https:\/\/www.brachwitz.eu\/wp-content\/uploads\/2020\/01\/7C30B598-3742-4D4B-AE05-F148D95727F8.jpeg\" class=\"ctl_glightbox\"><img loading=\"lazy\" decoding=\"async\" width=\"525\" height=\"755\" src=\"https:\/\/www.brachwitz.eu\/wp-content\/uploads\/2020\/01\/7C30B598-3742-4D4B-AE05-F148D95727F8-712x1024.jpeg\" class=\"story-img wp-post-image\" alt=\"Oberamtmann Carl Wentzel\" srcset=\"https:\/\/www.brachwitz.eu\/wp-content\/uploads\/2020\/01\/7C30B598-3742-4D4B-AE05-F148D95727F8-712x1024.jpeg 712w, https:\/\/www.brachwitz.eu\/wp-content\/uploads\/2020\/01\/7C30B598-3742-4D4B-AE05-F148D95727F8-209x300.jpeg 209w, https:\/\/www.brachwitz.eu\/wp-content\/uploads\/2020\/01\/7C30B598-3742-4D4B-AE05-F148D95727F8-768x1104.jpeg 768w, https:\/\/www.brachwitz.eu\/wp-content\/uploads\/2020\/01\/7C30B598-3742-4D4B-AE05-F148D95727F8.jpeg 959w\" sizes=\"auto, 100vw\" \/><\/a><\/div><!-- Story Description --><div class=\"ctl-description\"><p>HANS-DIETER PAUL Oberamtmann Carl Wentzel \u2014 125. Geburtstag * lm Hauptregister des Standesamtes Brachwitz wurde am 11. Dezember 1876 unter der Nummer 68 vom Dom\u00e4nenp\u00e4chter Friedrich Phillipp Karl Ludwig Wentzel die Geburt seines in Brachwitz\u00a0am 09. Dezember 1876 geborenen Sohnes angezeigt. Die Mutter, Margaretha Sophia Emma Wentzel geb. Becker. hatte&hellip;<br \/><a class=\"read_more ctl_read_more\" target=\"_self\" href=\"https:\/\/www.brachwitz.eu\/index.php\/timeline\/oberamtmann-carl-wentzel\/\" role=\"link\">Mehr lesen<\/a><\/p>\n<\/div><\/div><\/div><!-- Story Year Section --><div data-cls=\"sc-nv-light vertical\" class=\"timeline-year scrollable-section ctl-year ctl-year-container light-year\" data-section-title=\"1834\" id=\"year-1834\"><div class=\"ctl-year-label ctl-year-text\"><span>1834<\/span><\/div><\/div><!-- Timeline Content --><div id=\"ctl-story-1524\" class=\"ctl-story ctl-story-dot-icon odd ctl-story-right\" data-story-index=\"15\" role=\"article\"><!-- Story IconDot --><div class=\"ctl-icondot\"><\/div> <!-- Story Arrow --><div class=\"ctl-arrow\"><\/div>\r\n\t\t\t<!-- Story Content --><div class=\"ctl-content\"><!-- Story Title --><div class=\"ctl-title story-1524\" aria-label=\"Neue Mitteilungen aus dem Gebiete historisch-antiquarischer Forschung\"><a target=\"_self\" title=\"Neue Mitteilungen aus dem Gebiete historisch-antiquarischer Forschung\" href=\"https:\/\/www.brachwitz.eu\/index.php\/timeline\/neue-mitteilungen-aus-dem-gebiete-historisch-antiquarischer-forschung\/\" class=\"story-link\">Neue Mitteilungen aus dem Gebiete historisch-antiquarischer Forschung<\/a><\/div><!-- Story Media --><div class=\"ctl-media full\"><a data-glightbox=\"Neue Mitteilungen aus dem Gebiete historisch-antiquarischer Forschung\" href=\"https:\/\/www.brachwitz.eu\/wp-content\/uploads\/2019\/01\/Bildschirmfoto-2019-05-15-um-11.58.57.png\" class=\"ctl_glightbox\"><img loading=\"lazy\" decoding=\"async\" width=\"525\" height=\"780\" src=\"https:\/\/www.brachwitz.eu\/wp-content\/uploads\/2019\/01\/Bildschirmfoto-2019-05-15-um-11.58.57.png\" class=\"story-img wp-post-image\" alt=\"Neue Mitteilungen aus dem Gebiete historisch-antiquarischer Forschung\" srcset=\"https:\/\/www.brachwitz.eu\/wp-content\/uploads\/2019\/01\/Bildschirmfoto-2019-05-15-um-11.58.57.png 559w, https:\/\/www.brachwitz.eu\/wp-content\/uploads\/2019\/01\/Bildschirmfoto-2019-05-15-um-11.58.57-202x300.png 202w\" sizes=\"auto, 100vw\" \/><\/a><\/div><!-- Story Description --><div class=\"ctl-description\"><p>Im Rahmen des mit der k\u00f6niglichen Universit\u00e4t Halle-Wittenberg verbundenen Th\u00fcrinisch-S\u00e4chsichen Vereins f\u00fcr Erforschung des vaterl\u00e4ndischen Altertums und Erhaltung seiner Denkmale Erster Band &#8211; Erstes Heft Halle &#8211; 1834 Seite 45 IX. Brachwitz: 376. Luckenau (bei dem Herrn von Dreyhaupt L\u00fcckenau, L\u00fctkenau) ist dem Namen nach unbekannt; ob es auf dem&hellip;<br \/><a class=\"read_more ctl_read_more\" target=\"_self\" href=\"https:\/\/www.brachwitz.eu\/index.php\/timeline\/neue-mitteilungen-aus-dem-gebiete-historisch-antiquarischer-forschung\/\" role=\"link\">Mehr lesen<\/a><\/p>\n<\/div><\/div><\/div><!-- Story Year Section --><div data-cls=\"sc-nv-light vertical\" class=\"timeline-year scrollable-section ctl-year ctl-year-container light-year\" data-section-title=\"1820\" id=\"year-1820\"><div class=\"ctl-year-label ctl-year-text\"><span>1820<\/span><\/div><\/div><!-- Timeline Content --><div id=\"ctl-story-3211\" class=\"ctl-story ctl-story-dot-icon even ctl-story-left\" data-story-index=\"16\" role=\"article\"><!-- Story IconDot --><div class=\"ctl-icondot\"><\/div> <!-- Story Arrow --><div class=\"ctl-arrow\"><\/div>\r\n\t\t\t<!-- Story Content --><div class=\"ctl-content\"><!-- Story Title --><div class=\"ctl-title story-3211\" aria-label=\"Die F\u00e4hre Brachwitz\"><a target=\"_self\" title=\"Die F\u00e4hre Brachwitz\" href=\"https:\/\/www.brachwitz.eu\/index.php\/timeline\/die-faehre-brachwitz\/\" class=\"story-link\">Die F\u00e4hre Brachwitz<\/a><\/div><!-- Story Media --><div class=\"ctl-media full\"><a data-glightbox=\"Die F\u00e4hre Brachwitz\" href=\"https:\/\/www.brachwitz.eu\/wp-content\/uploads\/2019\/10\/8A2DDA07-F873-4333-BA4A-02A45A812184.jpeg\" class=\"ctl_glightbox\"><img loading=\"lazy\" decoding=\"async\" width=\"525\" height=\"299\" src=\"https:\/\/www.brachwitz.eu\/wp-content\/uploads\/2019\/10\/8A2DDA07-F873-4333-BA4A-02A45A812184-1024x583.jpeg\" class=\"story-img wp-post-image\" alt=\"F\u00e4hre Brachwitz\" srcset=\"https:\/\/www.brachwitz.eu\/wp-content\/uploads\/2019\/10\/8A2DDA07-F873-4333-BA4A-02A45A812184-1024x583.jpeg 1024w, https:\/\/www.brachwitz.eu\/wp-content\/uploads\/2019\/10\/8A2DDA07-F873-4333-BA4A-02A45A812184-300x171.jpeg 300w, https:\/\/www.brachwitz.eu\/wp-content\/uploads\/2019\/10\/8A2DDA07-F873-4333-BA4A-02A45A812184-768x437.jpeg 768w\" sizes=\"auto, 100vw\" \/><\/a><\/div><!-- Story Description --><div class=\"ctl-description\"><p>Der Saale\u00fcbergang in Brachwitz Ein Bericht von Hans Dieter Paul, erschienen im Heimat Jahrbuch 1995. Fl\u00fcsse bilden seit Menschengedenken ein nat\u00fcrliches Hindernis,\u00a0eine Grenze. Die \u00dcberwindung dieser Hindernisse war oft sehr\u00a0beschwerlich. Auch heute noch sind Fl\u00fcsse f\u00fcr den rollenden\u00a0Verkehr ein Hemmnis. Durch das Eingreifen des Menschen ist\u00a0auch unsere Saale schmaler geworden.&hellip;<br \/><a class=\"read_more ctl_read_more\" target=\"_self\" href=\"https:\/\/www.brachwitz.eu\/index.php\/timeline\/die-faehre-brachwitz\/\" role=\"link\">Mehr lesen<\/a><\/p>\n<\/div><\/div><\/div><!-- Story Year Section --><div data-cls=\"sc-nv-light vertical\" class=\"timeline-year scrollable-section ctl-year ctl-year-container light-year\" data-section-title=\"1769\" id=\"year-1769\"><div class=\"ctl-year-label ctl-year-text\"><span>1769<\/span><\/div><\/div><!-- Timeline Content --><div id=\"ctl-story-3207\" class=\"ctl-story ctl-story-dot-icon odd ctl-story-right\" data-story-index=\"17\" role=\"article\"><!-- Story IconDot --><div class=\"ctl-icondot\"><\/div> <!-- Story Arrow --><div class=\"ctl-arrow\"><\/div>\r\n\t\t\t<!-- Story Content --><div class=\"ctl-content\"><!-- Story Title --><div class=\"ctl-title story-3207\" aria-label=\"Ortsregulativ f\u00fcr Kolonie Friedrichsschwerz\"><a target=\"_self\" title=\"Ortsregulativ f\u00fcr Kolonie Friedrichsschwerz\" href=\"https:\/\/www.brachwitz.eu\/index.php\/timeline\/ortsregulativ-fuer-kolonie-friedrichsschwerz\/\" class=\"story-link\">Ortsregulativ f\u00fcr Kolonie Friedrichsschwerz<\/a><\/div><!-- Story Media --><div class=\"ctl-media full\"><a data-glightbox=\"Ortsregulativ f\u00fcr Kolonie Friedrichsschwerz\" href=\"https:\/\/www.brachwitz.eu\/wp-content\/uploads\/2019\/05\/B0543239-212E-4AD9-9C68-1FC2759CB0AE.jpeg\" class=\"ctl_glightbox\"><img loading=\"lazy\" decoding=\"async\" width=\"525\" height=\"802\" src=\"https:\/\/www.brachwitz.eu\/wp-content\/uploads\/2019\/05\/B0543239-212E-4AD9-9C68-1FC2759CB0AE-670x1024.jpeg\" class=\"story-img wp-post-image\" alt=\"Ortsregulativ f\u00fcr Kolonie Friedrichsschwerz\" srcset=\"https:\/\/www.brachwitz.eu\/wp-content\/uploads\/2019\/05\/B0543239-212E-4AD9-9C68-1FC2759CB0AE-670x1024.jpeg 670w, https:\/\/www.brachwitz.eu\/wp-content\/uploads\/2019\/05\/B0543239-212E-4AD9-9C68-1FC2759CB0AE-196x300.jpeg 196w, https:\/\/www.brachwitz.eu\/wp-content\/uploads\/2019\/05\/B0543239-212E-4AD9-9C68-1FC2759CB0AE-768x1174.jpeg 768w, https:\/\/www.brachwitz.eu\/wp-content\/uploads\/2019\/05\/B0543239-212E-4AD9-9C68-1FC2759CB0AE-1005x1536.jpeg 1005w, https:\/\/www.brachwitz.eu\/wp-content\/uploads\/2019\/05\/B0543239-212E-4AD9-9C68-1FC2759CB0AE.jpeg 1156w\" sizes=\"auto, 100vw\" \/><\/a><\/div><!-- Story Description --><div class=\"ctl-description\"><p>Ursula Paul\/Hans\u2014Dieter Paul Ortsregulativ f\u00fcr die Colonie Friedrichsschwerz Der preu\u00dfische K\u00f6nig Friedrich der Gro\u00dfe erlie\u00df am 25. Dezember 1769 ein Reskript mit dem Inhalt. \u201eda\u00df auf der zum Amte\u00a0Brachwitz geh\u00f6rigen w\u00fcsten Feldmark ein neues Dorff von\u00a0Zwantzig Colonisten. Familien angelegt werden soll\u201c, 70Jahre\u00a0nach der Gr\u00fcndung verordnete der damalige Landrat des preu\u00dfischen&hellip;<br \/><a class=\"read_more ctl_read_more\" target=\"_self\" href=\"https:\/\/www.brachwitz.eu\/index.php\/timeline\/ortsregulativ-fuer-kolonie-friedrichsschwerz\/\" role=\"link\">Mehr lesen<\/a><\/p>\n<\/div><\/div><\/div><!-- Story Year Section --><div data-cls=\"sc-nv-light vertical\" class=\"timeline-year scrollable-section ctl-year ctl-year-container light-year\" data-section-title=\"1755\" id=\"year-1755\"><div class=\"ctl-year-label ctl-year-text\"><span>1755<\/span><\/div><\/div><!-- Timeline Content --><div id=\"ctl-story-1539\" class=\"ctl-story ctl-story-dot-icon even ctl-story-left\" data-story-index=\"18\" role=\"article\"><!-- Story IconDot --><div class=\"ctl-icondot\"><\/div> <!-- Story Arrow --><div class=\"ctl-arrow\"><\/div>\r\n\t\t\t<!-- Story Content --><div class=\"ctl-content\"><!-- Story Title --><div class=\"ctl-title story-1539\" aria-label=\"PAGVS NELETICI ET NVDZICI oder ausf\u00fchrliche diplomatisch historische Beschreibung\"><a target=\"_self\" title=\"PAGVS NELETICI ET NVDZICI oder ausf\u00fchrliche diplomatisch historische Beschreibung\" href=\"https:\/\/www.brachwitz.eu\/index.php\/timeline\/pagvs-neletici-et-nvdzici-oder-ausfuehrliche-diplomatisch-historische-beschreibung\/\" class=\"story-link\">PAGVS NELETICI ET NVDZICI oder ausf\u00fchrliche diplomatisch historische Beschreibung<\/a><\/div><!-- Story Media --><div class=\"ctl-media full\"><a data-glightbox=\"PAGVS NELETICI ET NVDZICI oder ausf\u00fchrliche diplomatisch historische Beschreibung\" href=\"https:\/\/www.brachwitz.eu\/wp-content\/uploads\/2019\/05\/Bildschirmfoto-2019-05-16-um-11.31.30.png\" class=\"ctl_glightbox\"><img loading=\"lazy\" decoding=\"async\" width=\"494\" height=\"792\" src=\"https:\/\/www.brachwitz.eu\/wp-content\/uploads\/2019\/05\/Bildschirmfoto-2019-05-16-um-11.31.30.png\" class=\"story-img wp-post-image\" alt=\"PAGVS NELETICI ET NVDZICI oder ausf\u00fchrliche diplomatisch historische Beschreibung\" srcset=\"https:\/\/www.brachwitz.eu\/wp-content\/uploads\/2019\/05\/Bildschirmfoto-2019-05-16-um-11.31.30.png 494w, https:\/\/www.brachwitz.eu\/wp-content\/uploads\/2019\/05\/Bildschirmfoto-2019-05-16-um-11.31.30-187x300.png 187w\" sizes=\"auto, 100vw\" \/><\/a><\/div><!-- Story Description --><div class=\"ctl-description\"><p>PAGVS NELETICI ET NVDZICI oder ausf\u00fchrliche diplomatisch historische Beschreibung des zum ehemaligen Primat und Erz &#8211; nunmehr aber den westph\u00e4lischen Friedens Schlu\u00df fecularifirten\u00a0Herzogtum Magdeburg geh\u00f6rigem Saal &#8211; Kreise Johann Christoph von Dreyhaupt 1755 Das 5 Buch. Vom Amte Brachwitz \u00a71 Das Amt Brachwitz ist vormals ein Rittergut gewesen, so das&hellip;<br \/><a class=\"read_more ctl_read_more\" target=\"_self\" href=\"https:\/\/www.brachwitz.eu\/index.php\/timeline\/pagvs-neletici-et-nvdzici-oder-ausfuehrliche-diplomatisch-historische-beschreibung\/\" role=\"link\">Mehr lesen<\/a><\/p>\n<\/div><\/div><\/div><!-- Story Year Section --><div data-cls=\"sc-nv-light vertical\" class=\"timeline-year scrollable-section ctl-year ctl-year-container light-year\" data-section-title=\"1722\" id=\"year-1722\"><div class=\"ctl-year-label ctl-year-text\"><span>1722<\/span><\/div><\/div><!-- Timeline Content --><div id=\"ctl-story-7278\" class=\"ctl-story ctl-story-dot-icon odd ctl-story-right\" data-story-index=\"19\" role=\"article\"><!-- Story IconDot --><div class=\"ctl-icondot\"><\/div> <!-- Story Arrow --><div class=\"ctl-arrow\"><\/div>\r\n\t\t\t<!-- Story Content --><div class=\"ctl-content\"><!-- Story Title --><div class=\"ctl-title story-7278\" aria-label=\"Der Bergbau bei Brachwitz\"><a target=\"_self\" title=\"Der Bergbau bei Brachwitz\" href=\"https:\/\/www.brachwitz.eu\/index.php\/timeline\/der-bergbau-bei-brachwitz\/\" class=\"story-link\">Der Bergbau bei Brachwitz<\/a><\/div><!-- Story Media --><div class=\"ctl-media full\"><a data-glightbox=\"Der Bergbau bei Brachwitz\" href=\"https:\/\/www.brachwitz.eu\/wp-content\/uploads\/2020\/01\/ACF2FD3E-EACB-4A18-8FAE-218DA6DD176A.jpeg\" class=\"ctl_glightbox\"><img loading=\"lazy\" decoding=\"async\" width=\"525\" height=\"433\" src=\"https:\/\/www.brachwitz.eu\/wp-content\/uploads\/2020\/01\/ACF2FD3E-EACB-4A18-8FAE-218DA6DD176A-1024x844.jpeg\" class=\"story-img wp-post-image\" alt=\"Der Bergbau bei Brachwitz\" srcset=\"https:\/\/www.brachwitz.eu\/wp-content\/uploads\/2020\/01\/ACF2FD3E-EACB-4A18-8FAE-218DA6DD176A-1024x844.jpeg 1024w, https:\/\/www.brachwitz.eu\/wp-content\/uploads\/2020\/01\/ACF2FD3E-EACB-4A18-8FAE-218DA6DD176A-300x247.jpeg 300w, https:\/\/www.brachwitz.eu\/wp-content\/uploads\/2020\/01\/ACF2FD3E-EACB-4A18-8FAE-218DA6DD176A-768x633.jpeg 768w, https:\/\/www.brachwitz.eu\/wp-content\/uploads\/2020\/01\/ACF2FD3E-EACB-4A18-8FAE-218DA6DD176A.jpeg 1137w\" sizes=\"auto, 100vw\" \/><\/a><\/div><!-- Story Description --><div class=\"ctl-description\"><p>Der Bergbau bei Brachwitz Bekannt ist, dass um Brachwitz Bergbau auf Steinkohle umging. So datiert W. Schmidt [4] den Steinkohlenbergbau bei Brachwitz in das Jahr 1722. Hier wurde die Steinkohle in der oberen Teufe abgebaut, denn die Wettiner Steinkohlenfl\u00f6ze streichen von Wettin her auch unter Brachwitz hin. In einer Darstellung&hellip;<br \/><a class=\"read_more ctl_read_more\" target=\"_self\" href=\"https:\/\/www.brachwitz.eu\/index.php\/timeline\/der-bergbau-bei-brachwitz\/\" role=\"link\">Mehr lesen<\/a><\/p>\n<\/div><\/div><\/div><!-- Story Year Section --><div data-cls=\"sc-nv-light vertical\" class=\"timeline-year scrollable-section ctl-year ctl-year-container light-year\" data-section-title=\"1603\" id=\"year-1603\"><div class=\"ctl-year-label ctl-year-text\"><span>1603<\/span><\/div><\/div><!-- Timeline Content --><div id=\"ctl-story-251\" class=\"ctl-story ctl-story-dot-icon even ctl-story-left ctl-no-media\" data-story-index=\"20\" role=\"article\"><!-- Story IconDot --><div class=\"ctl-icondot\"><\/div> <!-- Story Arrow --><div class=\"ctl-arrow\"><\/div>\r\n\t\t\t<!-- Story Content --><div class=\"ctl-content\"><!-- Story Title --><div class=\"ctl-title story-251\" aria-label=\"Feuer zerst\u00f6rt Brachwitz\"><a target=\"_self\" title=\"Feuer zerst\u00f6rt Brachwitz\" href=\"https:\/\/www.brachwitz.eu\/index.php\/timeline\/feuer-zerstoert-brachwitz\/\" class=\"story-link\">Feuer zerst\u00f6rt Brachwitz<\/a><\/div><!-- Story Description --><div class=\"ctl-description\"><p>Im Jahre 1603 wurden gro\u00dfe Teile des Ortes durch einen Brand zerst\u00f6rt.<\/p>\n<\/div><\/div><\/div><!-- Story Year Section --><div data-cls=\"sc-nv-light vertical\" class=\"timeline-year scrollable-section ctl-year ctl-year-container light-year\" data-section-title=\"1400\" id=\"year-1400\"><div class=\"ctl-year-label ctl-year-text\"><span>1400<\/span><\/div><\/div><!-- Timeline Content --><div id=\"ctl-story-3213\" class=\"ctl-story ctl-story-dot-icon odd ctl-story-right ctl-no-media\" data-story-index=\"21\" role=\"article\"><!-- Story IconDot --><div class=\"ctl-icondot\"><\/div> <!-- Story Arrow --><div class=\"ctl-arrow\"><\/div>\r\n\t\t\t<!-- Story Content --><div class=\"ctl-content\"><!-- Story Title --><div class=\"ctl-title story-3213\" aria-label=\"Brachwitz w\u00e4chst\"><a target=\"_self\" title=\"Brachwitz w\u00e4chst\" href=\"https:\/\/www.brachwitz.eu\/index.php\/timeline\/brachwitz-waechst\/\" class=\"story-link\">Brachwitz w\u00e4chst<\/a><\/div><!-- Story Description --><div class=\"ctl-description\"><p>&#8230;in Bearbeitung&#8230;<\/p>\n<\/div><\/div><\/div><!-- Story Year Section --><div data-cls=\"sc-nv-light vertical\" class=\"timeline-year scrollable-section ctl-year ctl-year-container light-year\" data-section-title=\"1299\" id=\"year-1299\"><div class=\"ctl-year-label ctl-year-text\"><span>1299<\/span><\/div><\/div><!-- Timeline Content --><div id=\"ctl-story-3212\" class=\"ctl-story ctl-story-dot-icon even ctl-story-left\" data-story-index=\"22\" role=\"article\"><!-- Story IconDot --><div class=\"ctl-icondot\"><\/div> <!-- Story Arrow --><div class=\"ctl-arrow\"><\/div>\r\n\t\t\t<!-- Story Content --><div class=\"ctl-content\"><!-- Story Title --><div class=\"ctl-title story-3212\" aria-label=\"Die Kirche von Brachwitz\"><a target=\"_self\" title=\"Die Kirche von Brachwitz\" href=\"https:\/\/www.brachwitz.eu\/index.php\/timeline\/die-kirche-von-brachwitz\/\" class=\"story-link\">Die Kirche von Brachwitz<\/a><\/div><!-- Story Media --><div class=\"ctl-media full\"><a data-glightbox=\"Die Kirche von Brachwitz\" href=\"https:\/\/www.brachwitz.eu\/wp-content\/uploads\/2020\/01\/00DC1984-E99E-4BE1-81FB-9FE07A75BED7.jpeg\" class=\"ctl_glightbox\"><img loading=\"lazy\" decoding=\"async\" width=\"525\" height=\"511\" src=\"https:\/\/www.brachwitz.eu\/wp-content\/uploads\/2020\/01\/00DC1984-E99E-4BE1-81FB-9FE07A75BED7-1024x996.jpeg\" class=\"story-img wp-post-image\" alt=\"Die Kirche von Brachwitz\" srcset=\"https:\/\/www.brachwitz.eu\/wp-content\/uploads\/2020\/01\/00DC1984-E99E-4BE1-81FB-9FE07A75BED7-1024x996.jpeg 1024w, https:\/\/www.brachwitz.eu\/wp-content\/uploads\/2020\/01\/00DC1984-E99E-4BE1-81FB-9FE07A75BED7-300x292.jpeg 300w, https:\/\/www.brachwitz.eu\/wp-content\/uploads\/2020\/01\/00DC1984-E99E-4BE1-81FB-9FE07A75BED7-768x747.jpeg 768w, https:\/\/www.brachwitz.eu\/wp-content\/uploads\/2020\/01\/00DC1984-E99E-4BE1-81FB-9FE07A75BED7-1536x1493.jpeg 1536w, https:\/\/www.brachwitz.eu\/wp-content\/uploads\/2020\/01\/00DC1984-E99E-4BE1-81FB-9FE07A75BED7-2048x1991.jpeg 2048w\" sizes=\"auto, 100vw\" \/><\/a><\/div><!-- Story Description --><div class=\"ctl-description\"><p>Die Brachwitzer Kirche tr\u00e4gt als eine der \u201awenigen in der\u00a0Region das Signet \u201eVerl\u00e4sslich ge\u00f6ffnete Kirche\u201c. Wer sein\u00a0Auto auf dem neugestalteten Kirchplatz parkt, um das renovierte Gotteshaus zu besichtigen, sollte sich von dessen\u00a0\u00e4u\u00dferer Schlichtheit nicht beirren lassen und schon gar\u00a0nicht von Schultze-Gall\u00e9ras Schilderung: \u201eWie die Kirche ist der alte Kirchhof, der&hellip;<br \/><a class=\"read_more ctl_read_more\" target=\"_self\" href=\"https:\/\/www.brachwitz.eu\/index.php\/timeline\/die-kirche-von-brachwitz\/\" role=\"link\">Mehr lesen<\/a><\/p>\n<\/div><\/div><\/div><!-- Story Year Section --><div data-cls=\"sc-nv-light vertical\" class=\"timeline-year scrollable-section ctl-year ctl-year-container light-year\" data-section-title=\"1271\" id=\"year-1271\"><div class=\"ctl-year-label ctl-year-text\"><span>1271<\/span><\/div><\/div><!-- Timeline Content --><div id=\"ctl-story-249\" class=\"ctl-story ctl-story-dot-icon odd ctl-story-right ctl-no-media\" data-story-index=\"23\" role=\"article\"><!-- Story IconDot --><div class=\"ctl-icondot\"><\/div> <!-- Story Arrow --><div class=\"ctl-arrow\"><\/div>\r\n\t\t\t<!-- Story Content --><div class=\"ctl-content\"><!-- Story Title --><div class=\"ctl-title story-249\" aria-label=\"Erste urkundliche Erw\u00e4hnung\"><a target=\"_self\" title=\"Erste urkundliche Erw\u00e4hnung\" href=\"https:\/\/www.brachwitz.eu\/index.php\/timeline\/erste-urkundliche-erwaehnung\/\" class=\"story-link\">Erste urkundliche Erw\u00e4hnung<\/a><\/div><!-- Story Description --><div class=\"ctl-description\"><p>Die \u00e4lteste und eindeutige schriftliche Erw\u00e4hnung stammt aus dem Jahre 1297. in den &#8222;Hallischen Sch\u00f6ffenb\u00fcchern&#8220; wird beurkundet: &#8222;649. Her Kone von Brachwiz (Anmerkung in der gedruckten Quelle von 1882: Dorf im Saalkreis an der Saale), Sivchen (?) dochterman von Hil\ufb01- kendorp, die quam in dat gehede ding vnde begauede sineme&hellip;<br \/><a class=\"read_more ctl_read_more\" target=\"_self\" href=\"https:\/\/www.brachwitz.eu\/index.php\/timeline\/erste-urkundliche-erwaehnung\/\" role=\"link\">Mehr lesen<\/a><\/p>\n<\/div><\/div><\/div><!-- Story Year Section --><div data-cls=\"sc-nv-light vertical\" class=\"timeline-year scrollable-section ctl-year ctl-year-container light-year\" data-section-title=\"1000\" id=\"year-1000\"><div class=\"ctl-year-label ctl-year-text\"><span>1000<\/span><\/div><\/div><!-- Timeline Content --><div id=\"ctl-story-527\" class=\"ctl-story ctl-story-dot-icon even ctl-story-left\" data-story-index=\"24\" role=\"article\"><!-- Story IconDot --><div class=\"ctl-icondot\"><\/div> <!-- Story Arrow --><div class=\"ctl-arrow\"><\/div>\r\n\t\t\t<!-- Story Content --><div class=\"ctl-content\"><!-- Story Title --><div class=\"ctl-title story-527\" aria-label=\"Der Burgwall von Brachwitz\"><a target=\"_self\" title=\"Der Burgwall von Brachwitz\" href=\"https:\/\/www.brachwitz.eu\/index.php\/timeline\/der-burgwall-von-brachwitz\/\" class=\"story-link\">Der Burgwall von Brachwitz<\/a><\/div><!-- Story Media --><div class=\"ctl-media full\"><a data-glightbox=\"Der Burgwall von Brachwitz\" href=\"https:\/\/www.brachwitz.eu\/wp-content\/uploads\/2018\/11\/5409acb3-55fc-4feb-aa51-0a6be763e479.jpg\" class=\"ctl_glightbox\"><img loading=\"lazy\" decoding=\"async\" width=\"199\" height=\"181\" src=\"https:\/\/www.brachwitz.eu\/wp-content\/uploads\/2018\/11\/5409acb3-55fc-4feb-aa51-0a6be763e479.jpg\" class=\"story-img wp-post-image\" alt=\"Burgwall Brachwitz\" sizes=\"auto, 100vw\" \/><\/a><\/div><!-- Story Description --><div class=\"ctl-description\"><p>Der Burgwall von Brachwitz Als Grenzbefestigung gegen das Frankenreich wurde auf dem Zigeunerberg durch den slawischen Stamm \u00a0der Nudzici im 9.\/10. Jahrhundert ein kreisf\u00f6rmiger Burgwall errichtet. Nach der Eroberung durch K\u00f6nig Heinrich I. (919-936) wurde der Burgwall zum deutschen Bergfried ausgebaut, da er sich im milit\u00e4rischen Schutzgebiet gegen Ungarn befand.&hellip;<br \/><a class=\"read_more ctl_read_more\" target=\"_self\" href=\"https:\/\/www.brachwitz.eu\/index.php\/timeline\/der-burgwall-von-brachwitz\/\" role=\"link\">Mehr lesen<\/a><\/p>\n<\/div><\/div><\/div>\t\t\t\t\t<\/div>\r\n\t\t\t\t\t<div class=\"ctl-end\"><\/div>\r\n\t\t\t\t\t\t\t\t\t<\/div>\r\n\t\t\t<\/div>\r\n\t\t\t\n","protected":false},"excerpt":{"rendered":"","protected":false},"author":1,"featured_media":69,"parent":0,"menu_order":0,"comment_status":"closed","ping_status":"closed","template":"","meta":{"_exactmetrics_skip_tracking":false,"_exactmetrics_sitenote_active":false,"_exactmetrics_sitenote_note":"","_exactmetrics_sitenote_category":0,"jetpack_post_was_ever_published":false,"footnotes":""},"class_list":["post-247","page","type-page","status-publish","has-post-thumbnail","hentry"],"yoast_head":"<!-- This site is optimized with the Yoast SEO plugin v27.1.1 - https:\/\/yoast.com\/product\/yoast-seo-wordpress\/ -->\n<title>Geschichte - Brachwitz<\/title>\n<meta name=\"robots\" content=\"index, follow, max-snippet:-1, max-image-preview:large, max-video-preview:-1\" \/>\n<link rel=\"canonical\" href=\"https:\/\/www.brachwitz.eu\/index.php\/geschichte-2\/\" \/>\n<meta property=\"og:locale\" content=\"de_DE\" \/>\n<meta property=\"og:type\" content=\"article\" \/>\n<meta property=\"og:title\" content=\"Geschichte - Brachwitz\" \/>\n<meta property=\"og:url\" content=\"https:\/\/www.brachwitz.eu\/index.php\/geschichte-2\/\" \/>\n<meta property=\"og:site_name\" content=\"Brachwitz\" \/>\n<meta property=\"article:modified_time\" content=\"2019-10-23T10:06:51+00:00\" \/>\n<meta property=\"og:image\" content=\"https:\/\/www.brachwitz.eu\/wp-content\/uploads\/2018\/07\/3D8726A1-503A-4BFB-A494-1E9BBDB4C19E.jpeg\" \/>\n\t<meta property=\"og:image:width\" content=\"2000\" \/>\n\t<meta property=\"og:image:height\" content=\"1545\" \/>\n\t<meta property=\"og:image:type\" content=\"image\/jpeg\" \/>\n<meta name=\"twitter:card\" content=\"summary_large_image\" \/>\n<script type=\"application\/ld+json\" class=\"yoast-schema-graph\">{\"@context\":\"https:\/\/schema.org\",\"@graph\":[{\"@type\":\"WebPage\",\"@id\":\"https:\/\/www.brachwitz.eu\/index.php\/geschichte-2\/\",\"url\":\"https:\/\/www.brachwitz.eu\/index.php\/geschichte-2\/\",\"name\":\"Geschichte - Brachwitz\",\"isPartOf\":{\"@id\":\"https:\/\/www.brachwitz.eu\/#website\"},\"primaryImageOfPage\":{\"@id\":\"https:\/\/www.brachwitz.eu\/index.php\/geschichte-2\/#primaryimage\"},\"image\":{\"@id\":\"https:\/\/www.brachwitz.eu\/index.php\/geschichte-2\/#primaryimage\"},\"thumbnailUrl\":\"https:\/\/www.brachwitz.eu\/wp-content\/uploads\/2018\/07\/3D8726A1-503A-4BFB-A494-1E9BBDB4C19E.jpeg\",\"datePublished\":\"2018-10-18T18:47:06+00:00\",\"dateModified\":\"2019-10-23T10:06:51+00:00\",\"breadcrumb\":{\"@id\":\"https:\/\/www.brachwitz.eu\/index.php\/geschichte-2\/#breadcrumb\"},\"inLanguage\":\"de\",\"potentialAction\":[{\"@type\":\"ReadAction\",\"target\":[\"https:\/\/www.brachwitz.eu\/index.php\/geschichte-2\/\"]}]},{\"@type\":\"ImageObject\",\"inLanguage\":\"de\",\"@id\":\"https:\/\/www.brachwitz.eu\/index.php\/geschichte-2\/#primaryimage\",\"url\":\"https:\/\/www.brachwitz.eu\/wp-content\/uploads\/2018\/07\/3D8726A1-503A-4BFB-A494-1E9BBDB4C19E.jpeg\",\"contentUrl\":\"https:\/\/www.brachwitz.eu\/wp-content\/uploads\/2018\/07\/3D8726A1-503A-4BFB-A494-1E9BBDB4C19E.jpeg\",\"width\":2000,\"height\":1545},{\"@type\":\"BreadcrumbList\",\"@id\":\"https:\/\/www.brachwitz.eu\/index.php\/geschichte-2\/#breadcrumb\",\"itemListElement\":[{\"@type\":\"ListItem\",\"position\":1,\"name\":\"Startseite\",\"item\":\"https:\/\/www.brachwitz.eu\/\"},{\"@type\":\"ListItem\",\"position\":2,\"name\":\"Geschichte\"}]},{\"@type\":\"WebSite\",\"@id\":\"https:\/\/www.brachwitz.eu\/#website\",\"url\":\"https:\/\/www.brachwitz.eu\/\",\"name\":\"Brachwitz\",\"description\":\"Die Perle an der Saale\",\"potentialAction\":[{\"@type\":\"SearchAction\",\"target\":{\"@type\":\"EntryPoint\",\"urlTemplate\":\"https:\/\/www.brachwitz.eu\/?s={search_term_string}\"},\"query-input\":{\"@type\":\"PropertyValueSpecification\",\"valueRequired\":true,\"valueName\":\"search_term_string\"}}],\"inLanguage\":\"de\"}]}<\/script>\n<!-- \/ Yoast SEO plugin. -->","yoast_head_json":{"title":"Geschichte - Brachwitz","robots":{"index":"index","follow":"follow","max-snippet":"max-snippet:-1","max-image-preview":"max-image-preview:large","max-video-preview":"max-video-preview:-1"},"canonical":"https:\/\/www.brachwitz.eu\/index.php\/geschichte-2\/","og_locale":"de_DE","og_type":"article","og_title":"Geschichte - Brachwitz","og_url":"https:\/\/www.brachwitz.eu\/index.php\/geschichte-2\/","og_site_name":"Brachwitz","article_modified_time":"2019-10-23T10:06:51+00:00","og_image":[{"width":2000,"height":1545,"url":"https:\/\/www.brachwitz.eu\/wp-content\/uploads\/2018\/07\/3D8726A1-503A-4BFB-A494-1E9BBDB4C19E.jpeg","type":"image\/jpeg"}],"twitter_card":"summary_large_image","schema":{"@context":"https:\/\/schema.org","@graph":[{"@type":"WebPage","@id":"https:\/\/www.brachwitz.eu\/index.php\/geschichte-2\/","url":"https:\/\/www.brachwitz.eu\/index.php\/geschichte-2\/","name":"Geschichte - Brachwitz","isPartOf":{"@id":"https:\/\/www.brachwitz.eu\/#website"},"primaryImageOfPage":{"@id":"https:\/\/www.brachwitz.eu\/index.php\/geschichte-2\/#primaryimage"},"image":{"@id":"https:\/\/www.brachwitz.eu\/index.php\/geschichte-2\/#primaryimage"},"thumbnailUrl":"https:\/\/www.brachwitz.eu\/wp-content\/uploads\/2018\/07\/3D8726A1-503A-4BFB-A494-1E9BBDB4C19E.jpeg","datePublished":"2018-10-18T18:47:06+00:00","dateModified":"2019-10-23T10:06:51+00:00","breadcrumb":{"@id":"https:\/\/www.brachwitz.eu\/index.php\/geschichte-2\/#breadcrumb"},"inLanguage":"de","potentialAction":[{"@type":"ReadAction","target":["https:\/\/www.brachwitz.eu\/index.php\/geschichte-2\/"]}]},{"@type":"ImageObject","inLanguage":"de","@id":"https:\/\/www.brachwitz.eu\/index.php\/geschichte-2\/#primaryimage","url":"https:\/\/www.brachwitz.eu\/wp-content\/uploads\/2018\/07\/3D8726A1-503A-4BFB-A494-1E9BBDB4C19E.jpeg","contentUrl":"https:\/\/www.brachwitz.eu\/wp-content\/uploads\/2018\/07\/3D8726A1-503A-4BFB-A494-1E9BBDB4C19E.jpeg","width":2000,"height":1545},{"@type":"BreadcrumbList","@id":"https:\/\/www.brachwitz.eu\/index.php\/geschichte-2\/#breadcrumb","itemListElement":[{"@type":"ListItem","position":1,"name":"Startseite","item":"https:\/\/www.brachwitz.eu\/"},{"@type":"ListItem","position":2,"name":"Geschichte"}]},{"@type":"WebSite","@id":"https:\/\/www.brachwitz.eu\/#website","url":"https:\/\/www.brachwitz.eu\/","name":"Brachwitz","description":"Die Perle an der Saale","potentialAction":[{"@type":"SearchAction","target":{"@type":"EntryPoint","urlTemplate":"https:\/\/www.brachwitz.eu\/?s={search_term_string}"},"query-input":{"@type":"PropertyValueSpecification","valueRequired":true,"valueName":"search_term_string"}}],"inLanguage":"de"}]}},"jetpack_sharing_enabled":true,"jetpack_shortlink":"https:\/\/wp.me\/PaziYC-3Z","_links":{"self":[{"href":"https:\/\/www.brachwitz.eu\/index.php\/wp-json\/wp\/v2\/pages\/247","targetHints":{"allow":["GET"]}}],"collection":[{"href":"https:\/\/www.brachwitz.eu\/index.php\/wp-json\/wp\/v2\/pages"}],"about":[{"href":"https:\/\/www.brachwitz.eu\/index.php\/wp-json\/wp\/v2\/types\/page"}],"author":[{"embeddable":true,"href":"https:\/\/www.brachwitz.eu\/index.php\/wp-json\/wp\/v2\/users\/1"}],"replies":[{"embeddable":true,"href":"https:\/\/www.brachwitz.eu\/index.php\/wp-json\/wp\/v2\/comments?post=247"}],"version-history":[{"count":4,"href":"https:\/\/www.brachwitz.eu\/index.php\/wp-json\/wp\/v2\/pages\/247\/revisions"}],"predecessor-version":[{"id":3205,"href":"https:\/\/www.brachwitz.eu\/index.php\/wp-json\/wp\/v2\/pages\/247\/revisions\/3205"}],"wp:featuredmedia":[{"embeddable":true,"href":"https:\/\/www.brachwitz.eu\/index.php\/wp-json\/wp\/v2\/media\/69"}],"wp:attachment":[{"href":"https:\/\/www.brachwitz.eu\/index.php\/wp-json\/wp\/v2\/media?parent=247"}],"curies":[{"name":"wp","href":"https:\/\/api.w.org\/{rel}","templated":true}]}}